{"id":6341,"date":"2023-09-01T11:25:44","date_gmt":"2023-09-01T16:25:44","guid":{"rendered":"https:\/\/comradespartenariat.com\/evenement\/webinaire-le-droit-a-la-sante-nous-echappe\/"},"modified":"2024-01-26T16:49:30","modified_gmt":"2024-01-26T21:49:30","slug":"webinaire-le-droit-a-la-sante-nous-echappe","status":"publish","type":"tribe_events","link":"https:\/\/comradespartenariat.com\/en\/evenement\/webinaire-le-droit-a-la-sante-nous-echappe\/","title":{"rendered":"Webinaire \u00abLe droit \u00e0 la sant\u00e9 nous \u00e9chappe!\u00bb"},"content":{"rendered":"&#13;\n<h2 class=\"wp-block-heading\">Webinaire \u00abLe droit \u00e0 la sant\u00e9 nous \u00e9chappe!\u00bb<\/h2>&#13;\n\r\n<div class=\"wp-block-media-text alignwide is-stacked-on-mobile\">\r\n<figure class=\"wp-block-media-text__media\"><img fetchpriority=\"high\" decoding=\"async\" width=\"720\" height=\"480\" class=\"wp-image-3903 size-full\" src=\"https:\/\/comradespartenariat.com\/wp-content\/uploads\/2023\/09\/visuel-webinaire-comrades-droit-sante-echappe-1.png\" alt=\"\" srcset=\"https:\/\/comradespartenariat.com\/wp-content\/uploads\/2023\/09\/visuel-webinaire-comrades-droit-sante-echappe-1.png 720w, https:\/\/comradespartenariat.com\/wp-content\/uploads\/2023\/09\/visuel-webinaire-comrades-droit-sante-echappe-1-300x200.png 300w, https:\/\/comradespartenariat.com\/wp-content\/uploads\/2023\/09\/visuel-webinaire-comrades-droit-sante-echappe-1-370x247.png 370w, https:\/\/comradespartenariat.com\/wp-content\/uploads\/2023\/09\/visuel-webinaire-comrades-droit-sante-echappe-1-407x271.png 407w\" sizes=\"(max-width: 720px) 100vw, 720px\" \/><\/figure>\r\n<div class=\"wp-block-media-text__content\">&#13;\n<p>La pand\u00e9mie de COVID-19 a mis en lumi\u00e8re des in\u00e9galit\u00e9s sociales de sant\u00e9 fort choquantes. Elle a aussi jet\u00e9 un \u00e9clairage assez brutal sur les faiblesses d\u2019un syst\u00e8me de sant\u00e9 qualifi\u00e9, \u00e0 juste titre, d\u2019hospitalo-centriste ainsi que sur les limites d\u2019une approche trop souvent centr\u00e9e sur la responsabilit\u00e9 individuelle et les traitements curatifs.<br\/><br\/>Dans ce contexte, la COMRADES invite Nicole Fillion, militante et porte-parole de la <a href=\"https:\/\/liguedesdroits.ca\/\">Ligue des Droits et Libert\u00e9s<\/a> (LDL), ainsi que <a href=\"https:\/\/professeurs.uqam.ca\/professeur\/lamarche.lucie\/\" target=\"_blank\" rel=\"noreferrer noopener\" data-type=\"URL\" data-id=\"https:\/\/professeurs.uqam.ca\/professeur\/lamarche.lucie\/\">Lucie Lamarche<\/a>, \u00e9galement militante de la LDL et professeure de droits \u00e9conomiques et sociaux de l\u2019UQAM, \u00e0 venir discuter de quelques-unes des composantes de notre r\u00e9gime de sant\u00e9 et de services sociaux (la technologisation ; le mode de r\u00e9mun\u00e9ration des m\u00e9decins ; la d\u00e9mocratisation et participation citoyenne ; la privatisation et le r\u00f4le des tribunaux), sous l\u2019angle d\u2019une approche de la sant\u00e9 qui commande un droit \u00e0 un \u00e9tat complet de bien-\u00eatre physique, mental et social.<\/p>&#13;\n\r\n\r\n\r\n<ul class=\"wp-block-list\">&#13;\n<li>\n          <a href=\"https:\/\/www.fd.ulaval.ca\/evenements\/webinaire-le-droit-a-la-sante-nous-echappe\" target=\"_blank\" rel=\"noreferrer noopener\" data-type=\"URL\" data-id=\"https:\/\/www.fd.ulaval.ca\/evenements\/webinaire-le-droit-a-la-sante-nous-echappe\">Formulaire d\u2019inscription<\/a>\n        <\/li>&#13;\n<\/ul>\r\n\r\n\r\n&#13;\n<p>Suivez aussi la <a href=\"https:\/\/www.facebook.com\/events\/1269541963770245?ref=newsfeed\" target=\"_blank\" rel=\"noreferrer noopener\">page FB<\/a> de l\u2019\u00e9v\u00e9nement pour en conna\u00eetre tous les d\u00e9tails.<\/p>&#13;\n<\/div>\r\n<\/div>\r\n&#13;\n<h5 class=\"wp-block-heading\">\u00a0<\/h5>&#13;\n&#13;\n<p>\u00a0<\/p>&#13;\n","protected":false},"excerpt":{"rendered":"<p>La pand\u00e9mie de COVID-19 a mis en lumi\u00e8re des in\u00e9galit\u00e9s sociales de sant\u00e9 fort choquantes. Elle a aussi jet\u00e9 un \u00e9clairage assez brutal sur les faiblesses d\u2019un syst\u00e8me de sant\u00e9 qualifi\u00e9, \u00e0 juste titre, d\u2019hospitalo-centriste ainsi que sur les limites d\u2019une approche trop souvent centr\u00e9e sur la responsabilit\u00e9 individuelle et les traitements curatifs.<\/p>\n","protected":false},"author":2,"featured_media":3899,"template":"elementor_header_footer","meta":{"_eb_attr":"","_tribe_events_status":"","_tribe_events_status_reason":"","footnotes":""},"tags":[],"tribe_events_cat":[54],"class_list":["post-6341","tribe_events","type-tribe_events","status-publish","has-post-thumbnail","hentry","tribe_events_cat-gratuit-en","cat_gratuit-en"],"yoast_head":"<!-- This site is optimized with the Yoast SEO plugin v27.5 - https:\/\/yoast.com\/product\/yoast-seo-wordpress\/ -->\n<title>Webinaire \u00abLe droit \u00e0 la sant\u00e9 nous \u00e9chappe!\u00bb - Communaut&eacute; de recherche-action sur les droits &eacute;conomiques et sociaux<\/title>\n<meta name=\"description\" content=\"Webinaire COMRADES \u00abLe droit \u00e0 la sant\u00e9 nous \u00e9chappe!\u00bb, un \u00e9clairage brutal sur les faiblesses du syst\u00e8me de sant\u00e9\" \/>\n<meta name=\"robots\" content=\"index, follow, max-snippet:-1, max-image-preview:large, max-video-preview:-1\" \/>\n<link rel=\"canonical\" href=\"https:\/\/comradespartenariat.com\/evenement\/webinaire-le-droit-a-la-sante-nous-echappe\/\" \/>\n<meta property=\"og:locale\" content=\"en_US\" \/>\n<meta property=\"og:type\" content=\"article\" \/>\n<meta property=\"og:title\" content=\"Webinaire \u00abLe droit \u00e0 la sant\u00e9 nous \u00e9chappe!\u00bb - Communaut&eacute; de recherche-action sur les droits &eacute;conomiques et sociaux\" \/>\n<meta property=\"og:description\" content=\"Webinaire COMRADES \u00abLe droit \u00e0 la sant\u00e9 nous \u00e9chappe!\u00bb, un \u00e9clairage brutal sur les faiblesses du syst\u00e8me de sant\u00e9\" \/>\n<meta property=\"og:url\" content=\"https:\/\/comradespartenariat.com\/evenement\/webinaire-le-droit-a-la-sante-nous-echappe\/\" \/>\n<meta property=\"og:site_name\" content=\"Communaut&eacute; de recherche-action sur les droits &eacute;conomiques et sociaux\" \/>\n<meta property=\"article:publisher\" content=\"https:\/\/www.facebook.com\/COMRADESul\" \/>\n<meta property=\"article:modified_time\" content=\"2024-01-26T21:49:30+00:00\" \/>\n<meta property=\"og:image\" content=\"https:\/\/comradespartenariat.com\/wp-content\/uploads\/2023\/09\/visuel-webinaire-comrades-droit-sante-echappe.png\" \/>\n\t<meta property=\"og:image:width\" content=\"720\" \/>\n\t<meta property=\"og:image:height\" content=\"480\" \/>\n\t<meta property=\"og:image:type\" content=\"image\/png\" \/>\n<meta name=\"twitter:card\" content=\"summary_large_image\" \/>\n<meta name=\"twitter:label1\" content=\"Est. reading time\" \/>\n\t<meta name=\"twitter:data1\" content=\"1 minute\" \/>\n<script type=\"application\/ld+json\" class=\"yoast-schema-graph\">{\"@context\":\"https:\\\/\\\/schema.org\",\"@graph\":[{\"@type\":\"WebPage\",\"@id\":\"https:\\\/\\\/comradespartenariat.com\\\/evenement\\\/webinaire-le-droit-a-la-sante-nous-echappe\\\/\",\"url\":\"https:\\\/\\\/comradespartenariat.com\\\/evenement\\\/webinaire-le-droit-a-la-sante-nous-echappe\\\/\",\"name\":\"Webinaire \u00abLe droit \u00e0 la sant\u00e9 nous \u00e9chappe!\u00bb - Communaut&eacute; de recherche-action sur les droits &eacute;conomiques et sociaux\",\"isPartOf\":{\"@id\":\"https:\\\/\\\/comradespartenariat.com\\\/#website\"},\"primaryImageOfPage\":{\"@id\":\"https:\\\/\\\/comradespartenariat.com\\\/evenement\\\/webinaire-le-droit-a-la-sante-nous-echappe\\\/#primaryimage\"},\"image\":{\"@id\":\"https:\\\/\\\/comradespartenariat.com\\\/evenement\\\/webinaire-le-droit-a-la-sante-nous-echappe\\\/#primaryimage\"},\"thumbnailUrl\":\"https:\\\/\\\/comradespartenariat.com\\\/wp-content\\\/uploads\\\/2023\\\/09\\\/visuel-webinaire-comrades-droit-sante-echappe.png\",\"datePublished\":\"2023-09-01T16:25:44+00:00\",\"dateModified\":\"2024-01-26T21:49:30+00:00\",\"description\":\"Webinaire COMRADES \u00abLe droit \u00e0 la sant\u00e9 nous \u00e9chappe!\u00bb, un \u00e9clairage brutal sur les faiblesses du syst\u00e8me de sant\u00e9\",\"breadcrumb\":{\"@id\":\"https:\\\/\\\/comradespartenariat.com\\\/evenement\\\/webinaire-le-droit-a-la-sante-nous-echappe\\\/#breadcrumb\"},\"inLanguage\":\"en-US\",\"potentialAction\":[{\"@type\":\"ReadAction\",\"target\":[\"https:\\\/\\\/comradespartenariat.com\\\/evenement\\\/webinaire-le-droit-a-la-sante-nous-echappe\\\/\"]}]},{\"@type\":\"ImageObject\",\"inLanguage\":\"en-US\",\"@id\":\"https:\\\/\\\/comradespartenariat.com\\\/evenement\\\/webinaire-le-droit-a-la-sante-nous-echappe\\\/#primaryimage\",\"url\":\"https:\\\/\\\/comradespartenariat.com\\\/wp-content\\\/uploads\\\/2023\\\/09\\\/visuel-webinaire-comrades-droit-sante-echappe.png\",\"contentUrl\":\"https:\\\/\\\/comradespartenariat.com\\\/wp-content\\\/uploads\\\/2023\\\/09\\\/visuel-webinaire-comrades-droit-sante-echappe.png\",\"width\":720,\"height\":480,\"caption\":\"Le droit \u00e0 la sant\u00e9 nous \u00e9chappe!\"},{\"@type\":\"BreadcrumbList\",\"@id\":\"https:\\\/\\\/comradespartenariat.com\\\/evenement\\\/webinaire-le-droit-a-la-sante-nous-echappe\\\/#breadcrumb\",\"itemListElement\":[{\"@type\":\"ListItem\",\"position\":1,\"name\":\"Accueil\",\"item\":\"https:\\\/\\\/comradespartenariat.com\\\/en\\\/\"},{\"@type\":\"ListItem\",\"position\":2,\"name\":\"Events\",\"item\":\"https:\\\/\\\/comradespartenariat.com\\\/en\\\/event\\\/\"},{\"@type\":\"ListItem\",\"position\":3,\"name\":\"Webinaire \u00abLe droit \u00e0 la sant\u00e9 nous \u00e9chappe!\u00bb\"}]},{\"@type\":\"WebSite\",\"@id\":\"https:\\\/\\\/comradespartenariat.com\\\/#website\",\"url\":\"https:\\\/\\\/comradespartenariat.com\\\/\",\"name\":\"Communaut\u00e9 de recherche-action sur les droits \u00e9conomiques et sociaux\",\"description\":\"COMMUNAUT&Eacute; DE RECHERCHE-ACTION SUR LES DROITS &Eacute;CONOMIQUES ET SOCIAUX\",\"publisher\":{\"@id\":\"https:\\\/\\\/comradespartenariat.com\\\/#organization\"},\"potentialAction\":[{\"@type\":\"SearchAction\",\"target\":{\"@type\":\"EntryPoint\",\"urlTemplate\":\"https:\\\/\\\/comradespartenariat.com\\\/?s={search_term_string}\"},\"query-input\":{\"@type\":\"PropertyValueSpecification\",\"valueRequired\":true,\"valueName\":\"search_term_string\"}}],\"inLanguage\":\"en-US\"},{\"@type\":\"Organization\",\"@id\":\"https:\\\/\\\/comradespartenariat.com\\\/#organization\",\"name\":\"Communaut\u00e9 de recherche-action sur les droits \u00e9conomiques et sociaux\",\"url\":\"https:\\\/\\\/comradespartenariat.com\\\/\",\"logo\":{\"@type\":\"ImageObject\",\"inLanguage\":\"en-US\",\"@id\":\"https:\\\/\\\/comradespartenariat.com\\\/#\\\/schema\\\/logo\\\/image\\\/\",\"url\":\"https:\\\/\\\/comradespartenariat.com\\\/wp-content\\\/uploads\\\/2022\\\/09\\\/Medium-moyen.png\",\"contentUrl\":\"https:\\\/\\\/comradespartenariat.com\\\/wp-content\\\/uploads\\\/2022\\\/09\\\/Medium-moyen.png\",\"width\":860,\"height\":219,\"caption\":\"Communaut\u00e9 de recherche-action sur les droits \u00e9conomiques et sociaux\"},\"image\":{\"@id\":\"https:\\\/\\\/comradespartenariat.com\\\/#\\\/schema\\\/logo\\\/image\\\/\"},\"sameAs\":[\"https:\\\/\\\/www.facebook.com\\\/COMRADESul\"]}]}<\/script>\n<!-- \/ Yoast SEO plugin. -->","yoast_head_json":{"title":"Webinaire \u00abLe droit \u00e0 la sant\u00e9 nous \u00e9chappe!\u00bb - Communaut&eacute; de recherche-action sur les droits &eacute;conomiques et sociaux","description":"Webinaire COMRADES \u00abLe droit \u00e0 la sant\u00e9 nous \u00e9chappe!\u00bb, un \u00e9clairage brutal sur les faiblesses du syst\u00e8me de sant\u00e9","robots":{"index":"index","follow":"follow","max-snippet":"max-snippet:-1","max-image-preview":"max-image-preview:large","max-video-preview":"max-video-preview:-1"},"canonical":"https:\/\/comradespartenariat.com\/evenement\/webinaire-le-droit-a-la-sante-nous-echappe\/","og_locale":"en_US","og_type":"article","og_title":"Webinaire \u00abLe droit \u00e0 la sant\u00e9 nous \u00e9chappe!\u00bb - Communaut&eacute; de recherche-action sur les droits &eacute;conomiques et sociaux","og_description":"Webinaire COMRADES \u00abLe droit \u00e0 la sant\u00e9 nous \u00e9chappe!\u00bb, un \u00e9clairage brutal sur les faiblesses du syst\u00e8me de sant\u00e9","og_url":"https:\/\/comradespartenariat.com\/evenement\/webinaire-le-droit-a-la-sante-nous-echappe\/","og_site_name":"Communaut&eacute; de recherche-action sur les droits &eacute;conomiques et sociaux","article_publisher":"https:\/\/www.facebook.com\/COMRADESul","article_modified_time":"2024-01-26T21:49:30+00:00","og_image":[{"width":720,"height":480,"url":"https:\/\/comradespartenariat.com\/wp-content\/uploads\/2023\/09\/visuel-webinaire-comrades-droit-sante-echappe.png","type":"image\/png"}],"twitter_card":"summary_large_image","twitter_misc":{"Est. reading time":"1 minute"},"schema":{"@context":"https:\/\/schema.org","@graph":[{"@type":"WebPage","@id":"https:\/\/comradespartenariat.com\/evenement\/webinaire-le-droit-a-la-sante-nous-echappe\/","url":"https:\/\/comradespartenariat.com\/evenement\/webinaire-le-droit-a-la-sante-nous-echappe\/","name":"Webinaire \u00abLe droit \u00e0 la sant\u00e9 nous \u00e9chappe!\u00bb - Communaut&eacute; de recherche-action sur les droits &eacute;conomiques et sociaux","isPartOf":{"@id":"https:\/\/comradespartenariat.com\/#website"},"primaryImageOfPage":{"@id":"https:\/\/comradespartenariat.com\/evenement\/webinaire-le-droit-a-la-sante-nous-echappe\/#primaryimage"},"image":{"@id":"https:\/\/comradespartenariat.com\/evenement\/webinaire-le-droit-a-la-sante-nous-echappe\/#primaryimage"},"thumbnailUrl":"https:\/\/comradespartenariat.com\/wp-content\/uploads\/2023\/09\/visuel-webinaire-comrades-droit-sante-echappe.png","datePublished":"2023-09-01T16:25:44+00:00","dateModified":"2024-01-26T21:49:30+00:00","description":"Webinaire COMRADES \u00abLe droit \u00e0 la sant\u00e9 nous \u00e9chappe!\u00bb, un \u00e9clairage brutal sur les faiblesses du syst\u00e8me de sant\u00e9","breadcrumb":{"@id":"https:\/\/comradespartenariat.com\/evenement\/webinaire-le-droit-a-la-sante-nous-echappe\/#breadcrumb"},"inLanguage":"en-US","potentialAction":[{"@type":"ReadAction","target":["https:\/\/comradespartenariat.com\/evenement\/webinaire-le-droit-a-la-sante-nous-echappe\/"]}]},{"@type":"ImageObject","inLanguage":"en-US","@id":"https:\/\/comradespartenariat.com\/evenement\/webinaire-le-droit-a-la-sante-nous-echappe\/#primaryimage","url":"https:\/\/comradespartenariat.com\/wp-content\/uploads\/2023\/09\/visuel-webinaire-comrades-droit-sante-echappe.png","contentUrl":"https:\/\/comradespartenariat.com\/wp-content\/uploads\/2023\/09\/visuel-webinaire-comrades-droit-sante-echappe.png","width":720,"height":480,"caption":"Le droit \u00e0 la sant\u00e9 nous \u00e9chappe!"},{"@type":"BreadcrumbList","@id":"https:\/\/comradespartenariat.com\/evenement\/webinaire-le-droit-a-la-sante-nous-echappe\/#breadcrumb","itemListElement":[{"@type":"ListItem","position":1,"name":"Accueil","item":"https:\/\/comradespartenariat.com\/en\/"},{"@type":"ListItem","position":2,"name":"Events","item":"https:\/\/comradespartenariat.com\/en\/event\/"},{"@type":"ListItem","position":3,"name":"Webinaire \u00abLe droit \u00e0 la sant\u00e9 nous \u00e9chappe!\u00bb"}]},{"@type":"WebSite","@id":"https:\/\/comradespartenariat.com\/#website","url":"https:\/\/comradespartenariat.com\/","name":"Communaut\u00e9 de recherche-action sur les droits \u00e9conomiques et sociaux","description":"COMMUNAUT&Eacute; DE RECHERCHE-ACTION SUR LES DROITS &Eacute;CONOMIQUES ET SOCIAUX","publisher":{"@id":"https:\/\/comradespartenariat.com\/#organization"},"potentialAction":[{"@type":"SearchAction","target":{"@type":"EntryPoint","urlTemplate":"https:\/\/comradespartenariat.com\/?s={search_term_string}"},"query-input":{"@type":"PropertyValueSpecification","valueRequired":true,"valueName":"search_term_string"}}],"inLanguage":"en-US"},{"@type":"Organization","@id":"https:\/\/comradespartenariat.com\/#organization","name":"Communaut\u00e9 de recherche-action sur les droits \u00e9conomiques et sociaux","url":"https:\/\/comradespartenariat.com\/","logo":{"@type":"ImageObject","inLanguage":"en-US","@id":"https:\/\/comradespartenariat.com\/#\/schema\/logo\/image\/","url":"https:\/\/comradespartenariat.com\/wp-content\/uploads\/2022\/09\/Medium-moyen.png","contentUrl":"https:\/\/comradespartenariat.com\/wp-content\/uploads\/2022\/09\/Medium-moyen.png","width":860,"height":219,"caption":"Communaut\u00e9 de recherche-action sur les droits \u00e9conomiques et sociaux"},"image":{"@id":"https:\/\/comradespartenariat.com\/#\/schema\/logo\/image\/"},"sameAs":["https:\/\/www.facebook.com\/COMRADESul"]}]}},"_links":{"self":[{"href":"https:\/\/comradespartenariat.com\/en\/wp-json\/wp\/v2\/tribe_events\/6341","targetHints":{"allow":["GET"]}}],"collection":[{"href":"https:\/\/comradespartenariat.com\/en\/wp-json\/wp\/v2\/tribe_events"}],"about":[{"href":"https:\/\/comradespartenariat.com\/en\/wp-json\/wp\/v2\/types\/tribe_events"}],"author":[{"embeddable":true,"href":"https:\/\/comradespartenariat.com\/en\/wp-json\/wp\/v2\/users\/2"}],"version-history":[{"count":1,"href":"https:\/\/comradespartenariat.com\/en\/wp-json\/wp\/v2\/tribe_events\/6341\/revisions"}],"predecessor-version":[{"id":6342,"href":"https:\/\/comradespartenariat.com\/en\/wp-json\/wp\/v2\/tribe_events\/6341\/revisions\/6342"}],"wp:featuredmedia":[{"embeddable":true,"href":"https:\/\/comradespartenariat.com\/en\/wp-json\/wp\/v2\/media\/3899"}],"wp:attachment":[{"href":"https:\/\/comradespartenariat.com\/en\/wp-json\/wp\/v2\/media?parent=6341"}],"wp:term":[{"taxonomy":"post_tag","embeddable":true,"href":"https:\/\/comradespartenariat.com\/en\/wp-json\/wp\/v2\/tags?post=6341"},{"taxonomy":"tribe_events_cat","embeddable":true,"href":"https:\/\/comradespartenariat.com\/en\/wp-json\/wp\/v2\/tribe_events_cat?post=6341"}],"curies":[{"name":"wp","href":"https:\/\/api.w.org\/{rel}","templated":true}]}}