{"id":7229,"date":"2024-05-08T13:33:38","date_gmt":"2024-05-08T18:33:38","guid":{"rendered":"https:\/\/comradespartenariat.com\/evenement\/midi-conference-le-droit-a-un-environnement-sain-trois-piliers-democratiques-a-defendre\/"},"modified":"2024-05-13T16:05:10","modified_gmt":"2024-05-13T21:05:10","slug":"midi-conference-le-droit-a-un-environnement-sain-trois-piliers-democratiques-a-defendre","status":"publish","type":"tribe_events","link":"https:\/\/comradespartenariat.com\/en\/evenement\/midi-conference-le-droit-a-un-environnement-sain-trois-piliers-democratiques-a-defendre\/","title":{"rendered":"Midi-conf\u00e9rence &#8220;Le droit \u00e0 un environnement sain : Trois piliers d\u00e9mocratiques \u00e0 d\u00e9fendre&#8221;"},"content":{"rendered":"\t\t<div data-elementor-type=\"tec_event_single_static\" data-elementor-id=\"7229\" class=\"elementor elementor-7229\" data-elementor-post-type=\"tribe_events\">\n\t\t\t\t\t\t<section class=\"elementor-section elementor-top-section elementor-element elementor-element-dcda663 elementor-section-boxed elementor-section-height-default elementor-section-height-default\" data-id=\"dcda663\" data-element_type=\"section\" data-e-type=\"section\">\n\t\t\t\t\t\t<div class=\"elementor-container elementor-column-gap-extended\">\n\t\t\t\t\t<div class=\"elementor-column elementor-col-100 elementor-top-column elementor-element elementor-element-5de6140c sc_layouts_column_icons_position_left\" data-id=\"5de6140c\" data-element_type=\"column\" data-e-type=\"column\">\n\t\t\t<div class=\"elementor-widget-wrap elementor-element-populated\">\n\t\t\t\t\t\t<div class=\"elementor-element elementor-element-11d8ca62 elementor-widget elementor-widget-text-editor\" data-id=\"11d8ca62\" data-element_type=\"widget\" data-e-type=\"widget\" data-widget_type=\"text-editor.default\">\n\t\t\t\t<div class=\"elementor-widget-container\">\n\t\t\t\t\t\t\t\t\t<h2 style=\"font-family: var( --e-global-typography-secondary-font-family ), Sans-serif; font-size: var( --e-global-typography-secondary-font-size ); line-height: var( --e-global-typography-secondary-line-height ); font-weight: var( --e-global-typography-secondary-font-weight ); text-transform: none; margin-top: 1.06em; margin-bottom: 0.77em;\">Midi-conf\u00e9rence \u00abLe droit \u00e0 un environnement sain : Trois piliers d\u00e9mocratiques \u00e0 d\u00e9fendre\u00bb<\/h2>\n<p style=\"font-family: 'Duru Sans', sans-serif; font-size: 15px; line-height: inherit; font-weight: 400; font-style: normal; margin-bottom: 1.4em; color: #656565;\">\u00c0 l\u2019occasion de la publication d\u2019une brochure <em>Le droit \u00e0 un environnement sain : Trois piliers d\u00e9mocratiques \u00e0 d\u00e9fendre<\/em>, notre partenaire la Ligue des droits et libert\u00e9s (LDL) a le plaisir de vous convier \u00e0 un midi-conf\u00e9rence le 15 mai 2024 en compagnie de trois pan\u00e9listes impliqu\u00e9s de pr\u00e8s dans les enjeux environnementaux :<\/p>\n<ul>\n<li>Dominique Peschard, militant LDL et ancien pr\u00e9sident de la LDL<\/li>\n<li>Eric Pineault, professeur, Institut des sciences de l\u2019environnement, UQAM<\/li>\n<li>Jacinthe Villeneuve, militante, Comit\u00e9 Action Citoyenne Projet Northvolt<\/li>\n<\/ul>\n<div class=\"x11i5rnm xat24cr x1mh8g0r x1vvkbs xtlvy1s\">Au programme :<\/div>\n<div class=\"x11i5rnm xat24cr x1mh8g0r x1vvkbs xtlvy1s\">\n<ol>\n<li>Pr\u00e9sentation de la LDL et de la brochure<\/li>\n<li>Allocution de pan\u00e9listes invit\u00e9-e-s<\/li>\n<li>P\u00e9riode de questions et d\u2019\u00e9changes<\/li>\n<li>Nouvelles de la LDL<\/li>\n<\/ol>\n<\/div>\n<p style=\"font-family: 'Duru Sans', sans-serif; font-size: 15px; line-height: inherit; font-weight: 400; font-style: normal; margin-bottom: 1.4em; color: #656565;\">L\u2019\u00e9v\u00e9nement est offert en ligne sur Zoom.<\/p>\n<p style=\"font-family: 'Duru Sans', sans-serif; font-size: 15px; line-height: inherit; font-weight: 400; font-style: normal; margin-bottom: 1.4em; color: #656565;\"><a href=\"https:\/\/liguedesdroits.ca\/midi-conference-lancement-brochure-le-droit-a-un-environnement-sain-trois-piliers-democratiques-a-defendre\/\">Pour vous inscrire (gratuit)<\/a><\/p>\n\t\t\t\t\t\t\t\t<\/div>\n\t\t\t\t<\/div>\n\t\t\t\t\t<\/div>\n\t\t<\/div>\n\t\t\t\t\t<\/div>\n\t\t<\/section>\n\t\t\t\t<\/div>\n\t\t","protected":false},"excerpt":{"rendered":"<p>La Ligue des droits et libert\u00e9s vous convie \u00e0 une conf\u00e9rence pour le lancement de la brochure sur Le droit \u00e0 un environnement sain : Trois piliers d\u00e9mocratiques \u00e0 d\u00e9fendre&#8230;<\/p>\n","protected":false},"author":3,"featured_media":7223,"template":"","meta":{"_eb_attr":"","_tribe_events_status":"","_tribe_events_status_reason":"","footnotes":""},"tags":[],"tribe_events_cat":[54],"class_list":["post-7229","tribe_events","type-tribe_events","status-publish","has-post-thumbnail","hentry","tribe_events_cat-gratuit-en","cat_gratuit-en"],"yoast_head":"<!-- This site is optimized with the Yoast SEO plugin v27.5 - https:\/\/yoast.com\/product\/yoast-seo-wordpress\/ -->\n<title>Midi-conf\u00e9rence &quot;Le droit \u00e0 un environnement sain : Trois piliers d\u00e9mocratiques \u00e0 d\u00e9fendre&quot; - Communaut&eacute; de recherche-action sur les droits &eacute;conomiques et sociaux<\/title>\n<meta name=\"description\" content=\"Midi-conf\u00e9rence de la Ligue des droits et libert\u00e9s \u00e0 la sortie d\u2019une brochure Le droit \u00e0 un environnement sain...\" \/>\n<meta name=\"robots\" content=\"index, follow, max-snippet:-1, max-image-preview:large, max-video-preview:-1\" \/>\n<link rel=\"canonical\" href=\"https:\/\/comradespartenariat.com\/en\/evenement\/midi-conference-le-droit-a-un-environnement-sain-trois-piliers-democratiques-a-defendre\/\" \/>\n<meta property=\"og:locale\" content=\"en_US\" \/>\n<meta property=\"og:type\" content=\"article\" \/>\n<meta property=\"og:title\" content=\"Midi-conf\u00e9rence &quot;Le droit \u00e0 un environnement sain : Trois piliers d\u00e9mocratiques \u00e0 d\u00e9fendre&quot; - Communaut&eacute; de recherche-action sur les droits &eacute;conomiques et sociaux\" \/>\n<meta property=\"og:description\" content=\"Midi-conf\u00e9rence de la Ligue des droits et libert\u00e9s \u00e0 la sortie d\u2019une brochure Le droit \u00e0 un environnement sain...\" \/>\n<meta property=\"og:url\" content=\"https:\/\/comradespartenariat.com\/en\/evenement\/midi-conference-le-droit-a-un-environnement-sain-trois-piliers-democratiques-a-defendre\/\" \/>\n<meta property=\"og:site_name\" content=\"Communaut&eacute; de recherche-action sur les droits &eacute;conomiques et sociaux\" \/>\n<meta property=\"article:publisher\" content=\"https:\/\/www.facebook.com\/COMRADESul\" \/>\n<meta property=\"article:modified_time\" content=\"2024-05-13T21:05:10+00:00\" \/>\n<meta property=\"og:image\" content=\"https:\/\/comradespartenariat.com\/wp-content\/uploads\/2024\/05\/Lancement-brochure-droit-environnement-sain.png\" \/>\n\t<meta property=\"og:image:width\" content=\"396\" \/>\n\t<meta property=\"og:image:height\" content=\"398\" \/>\n\t<meta property=\"og:image:type\" content=\"image\/png\" \/>\n<meta name=\"twitter:card\" content=\"summary_large_image\" \/>\n<meta name=\"twitter:label1\" content=\"Est. reading time\" \/>\n\t<meta name=\"twitter:data1\" content=\"1 minute\" \/>\n<script type=\"application\/ld+json\" class=\"yoast-schema-graph\">{\"@context\":\"https:\\\/\\\/schema.org\",\"@graph\":[{\"@type\":\"WebPage\",\"@id\":\"https:\\\/\\\/comradespartenariat.com\\\/en\\\/evenement\\\/midi-conference-le-droit-a-un-environnement-sain-trois-piliers-democratiques-a-defendre\\\/\",\"url\":\"https:\\\/\\\/comradespartenariat.com\\\/en\\\/evenement\\\/midi-conference-le-droit-a-un-environnement-sain-trois-piliers-democratiques-a-defendre\\\/\",\"name\":\"Midi-conf\u00e9rence \\\"Le droit \u00e0 un environnement sain : Trois piliers d\u00e9mocratiques \u00e0 d\u00e9fendre\\\" - Communaut&eacute; de recherche-action sur les droits &eacute;conomiques et sociaux\",\"isPartOf\":{\"@id\":\"https:\\\/\\\/comradespartenariat.com\\\/#website\"},\"primaryImageOfPage\":{\"@id\":\"https:\\\/\\\/comradespartenariat.com\\\/en\\\/evenement\\\/midi-conference-le-droit-a-un-environnement-sain-trois-piliers-democratiques-a-defendre\\\/#primaryimage\"},\"image\":{\"@id\":\"https:\\\/\\\/comradespartenariat.com\\\/en\\\/evenement\\\/midi-conference-le-droit-a-un-environnement-sain-trois-piliers-democratiques-a-defendre\\\/#primaryimage\"},\"thumbnailUrl\":\"https:\\\/\\\/comradespartenariat.com\\\/wp-content\\\/uploads\\\/2024\\\/05\\\/Lancement-brochure-droit-environnement-sain.png\",\"datePublished\":\"2024-05-08T18:33:38+00:00\",\"dateModified\":\"2024-05-13T21:05:10+00:00\",\"description\":\"Midi-conf\u00e9rence de la Ligue des droits et libert\u00e9s \u00e0 la sortie d\u2019une brochure Le droit \u00e0 un environnement sain...\",\"breadcrumb\":{\"@id\":\"https:\\\/\\\/comradespartenariat.com\\\/en\\\/evenement\\\/midi-conference-le-droit-a-un-environnement-sain-trois-piliers-democratiques-a-defendre\\\/#breadcrumb\"},\"inLanguage\":\"en-US\",\"potentialAction\":[{\"@type\":\"ReadAction\",\"target\":[\"https:\\\/\\\/comradespartenariat.com\\\/en\\\/evenement\\\/midi-conference-le-droit-a-un-environnement-sain-trois-piliers-democratiques-a-defendre\\\/\"]}]},{\"@type\":\"ImageObject\",\"inLanguage\":\"en-US\",\"@id\":\"https:\\\/\\\/comradespartenariat.com\\\/en\\\/evenement\\\/midi-conference-le-droit-a-un-environnement-sain-trois-piliers-democratiques-a-defendre\\\/#primaryimage\",\"url\":\"https:\\\/\\\/comradespartenariat.com\\\/wp-content\\\/uploads\\\/2024\\\/05\\\/Lancement-brochure-droit-environnement-sain.png\",\"contentUrl\":\"https:\\\/\\\/comradespartenariat.com\\\/wp-content\\\/uploads\\\/2024\\\/05\\\/Lancement-brochure-droit-environnement-sain.png\",\"width\":396,\"height\":398,\"caption\":\"Lancement brochure droit \u00e0 un environnement sain\"},{\"@type\":\"BreadcrumbList\",\"@id\":\"https:\\\/\\\/comradespartenariat.com\\\/en\\\/evenement\\\/midi-conference-le-droit-a-un-environnement-sain-trois-piliers-democratiques-a-defendre\\\/#breadcrumb\",\"itemListElement\":[{\"@type\":\"ListItem\",\"position\":1,\"name\":\"Accueil\",\"item\":\"https:\\\/\\\/comradespartenariat.com\\\/en\\\/\"},{\"@type\":\"ListItem\",\"position\":2,\"name\":\"Events\",\"item\":\"https:\\\/\\\/comradespartenariat.com\\\/en\\\/event\\\/\"},{\"@type\":\"ListItem\",\"position\":3,\"name\":\"Midi-conf\u00e9rence \u00ab\u00a0Le droit \u00e0 un environnement sain : Trois piliers d\u00e9mocratiques \u00e0 d\u00e9fendre\u00a0\u00bb\"}]},{\"@type\":\"WebSite\",\"@id\":\"https:\\\/\\\/comradespartenariat.com\\\/#website\",\"url\":\"https:\\\/\\\/comradespartenariat.com\\\/\",\"name\":\"Communaut\u00e9 de recherche-action sur les droits \u00e9conomiques et sociaux\",\"description\":\"COMMUNAUT&Eacute; DE RECHERCHE-ACTION SUR LES DROITS &Eacute;CONOMIQUES ET SOCIAUX\",\"publisher\":{\"@id\":\"https:\\\/\\\/comradespartenariat.com\\\/#organization\"},\"potentialAction\":[{\"@type\":\"SearchAction\",\"target\":{\"@type\":\"EntryPoint\",\"urlTemplate\":\"https:\\\/\\\/comradespartenariat.com\\\/?s={search_term_string}\"},\"query-input\":{\"@type\":\"PropertyValueSpecification\",\"valueRequired\":true,\"valueName\":\"search_term_string\"}}],\"inLanguage\":\"en-US\"},{\"@type\":\"Organization\",\"@id\":\"https:\\\/\\\/comradespartenariat.com\\\/#organization\",\"name\":\"Communaut\u00e9 de recherche-action sur les droits \u00e9conomiques et sociaux\",\"url\":\"https:\\\/\\\/comradespartenariat.com\\\/\",\"logo\":{\"@type\":\"ImageObject\",\"inLanguage\":\"en-US\",\"@id\":\"https:\\\/\\\/comradespartenariat.com\\\/#\\\/schema\\\/logo\\\/image\\\/\",\"url\":\"https:\\\/\\\/comradespartenariat.com\\\/wp-content\\\/uploads\\\/2022\\\/09\\\/Medium-moyen.png\",\"contentUrl\":\"https:\\\/\\\/comradespartenariat.com\\\/wp-content\\\/uploads\\\/2022\\\/09\\\/Medium-moyen.png\",\"width\":860,\"height\":219,\"caption\":\"Communaut\u00e9 de recherche-action sur les droits \u00e9conomiques et sociaux\"},\"image\":{\"@id\":\"https:\\\/\\\/comradespartenariat.com\\\/#\\\/schema\\\/logo\\\/image\\\/\"},\"sameAs\":[\"https:\\\/\\\/www.facebook.com\\\/COMRADESul\"]}]}<\/script>\n<!-- \/ Yoast SEO plugin. -->","yoast_head_json":{"title":"Midi-conf\u00e9rence \"Le droit \u00e0 un environnement sain : Trois piliers d\u00e9mocratiques \u00e0 d\u00e9fendre\" - Communaut&eacute; de recherche-action sur les droits &eacute;conomiques et sociaux","description":"Midi-conf\u00e9rence de la Ligue des droits et libert\u00e9s \u00e0 la sortie d\u2019une brochure Le droit \u00e0 un environnement sain...","robots":{"index":"index","follow":"follow","max-snippet":"max-snippet:-1","max-image-preview":"max-image-preview:large","max-video-preview":"max-video-preview:-1"},"canonical":"https:\/\/comradespartenariat.com\/en\/evenement\/midi-conference-le-droit-a-un-environnement-sain-trois-piliers-democratiques-a-defendre\/","og_locale":"en_US","og_type":"article","og_title":"Midi-conf\u00e9rence \"Le droit \u00e0 un environnement sain : Trois piliers d\u00e9mocratiques \u00e0 d\u00e9fendre\" - Communaut&eacute; de recherche-action sur les droits &eacute;conomiques et sociaux","og_description":"Midi-conf\u00e9rence de la Ligue des droits et libert\u00e9s \u00e0 la sortie d\u2019une brochure Le droit \u00e0 un environnement sain...","og_url":"https:\/\/comradespartenariat.com\/en\/evenement\/midi-conference-le-droit-a-un-environnement-sain-trois-piliers-democratiques-a-defendre\/","og_site_name":"Communaut&eacute; de recherche-action sur les droits &eacute;conomiques et sociaux","article_publisher":"https:\/\/www.facebook.com\/COMRADESul","article_modified_time":"2024-05-13T21:05:10+00:00","og_image":[{"width":396,"height":398,"url":"https:\/\/comradespartenariat.com\/wp-content\/uploads\/2024\/05\/Lancement-brochure-droit-environnement-sain.png","type":"image\/png"}],"twitter_card":"summary_large_image","twitter_misc":{"Est. reading time":"1 minute"},"schema":{"@context":"https:\/\/schema.org","@graph":[{"@type":"WebPage","@id":"https:\/\/comradespartenariat.com\/en\/evenement\/midi-conference-le-droit-a-un-environnement-sain-trois-piliers-democratiques-a-defendre\/","url":"https:\/\/comradespartenariat.com\/en\/evenement\/midi-conference-le-droit-a-un-environnement-sain-trois-piliers-democratiques-a-defendre\/","name":"Midi-conf\u00e9rence \"Le droit \u00e0 un environnement sain : Trois piliers d\u00e9mocratiques \u00e0 d\u00e9fendre\" - Communaut&eacute; de recherche-action sur les droits &eacute;conomiques et sociaux","isPartOf":{"@id":"https:\/\/comradespartenariat.com\/#website"},"primaryImageOfPage":{"@id":"https:\/\/comradespartenariat.com\/en\/evenement\/midi-conference-le-droit-a-un-environnement-sain-trois-piliers-democratiques-a-defendre\/#primaryimage"},"image":{"@id":"https:\/\/comradespartenariat.com\/en\/evenement\/midi-conference-le-droit-a-un-environnement-sain-trois-piliers-democratiques-a-defendre\/#primaryimage"},"thumbnailUrl":"https:\/\/comradespartenariat.com\/wp-content\/uploads\/2024\/05\/Lancement-brochure-droit-environnement-sain.png","datePublished":"2024-05-08T18:33:38+00:00","dateModified":"2024-05-13T21:05:10+00:00","description":"Midi-conf\u00e9rence de la Ligue des droits et libert\u00e9s \u00e0 la sortie d\u2019une brochure Le droit \u00e0 un environnement sain...","breadcrumb":{"@id":"https:\/\/comradespartenariat.com\/en\/evenement\/midi-conference-le-droit-a-un-environnement-sain-trois-piliers-democratiques-a-defendre\/#breadcrumb"},"inLanguage":"en-US","potentialAction":[{"@type":"ReadAction","target":["https:\/\/comradespartenariat.com\/en\/evenement\/midi-conference-le-droit-a-un-environnement-sain-trois-piliers-democratiques-a-defendre\/"]}]},{"@type":"ImageObject","inLanguage":"en-US","@id":"https:\/\/comradespartenariat.com\/en\/evenement\/midi-conference-le-droit-a-un-environnement-sain-trois-piliers-democratiques-a-defendre\/#primaryimage","url":"https:\/\/comradespartenariat.com\/wp-content\/uploads\/2024\/05\/Lancement-brochure-droit-environnement-sain.png","contentUrl":"https:\/\/comradespartenariat.com\/wp-content\/uploads\/2024\/05\/Lancement-brochure-droit-environnement-sain.png","width":396,"height":398,"caption":"Lancement brochure droit \u00e0 un environnement sain"},{"@type":"BreadcrumbList","@id":"https:\/\/comradespartenariat.com\/en\/evenement\/midi-conference-le-droit-a-un-environnement-sain-trois-piliers-democratiques-a-defendre\/#breadcrumb","itemListElement":[{"@type":"ListItem","position":1,"name":"Accueil","item":"https:\/\/comradespartenariat.com\/en\/"},{"@type":"ListItem","position":2,"name":"Events","item":"https:\/\/comradespartenariat.com\/en\/event\/"},{"@type":"ListItem","position":3,"name":"Midi-conf\u00e9rence \u00ab\u00a0Le droit \u00e0 un environnement sain : Trois piliers d\u00e9mocratiques \u00e0 d\u00e9fendre\u00a0\u00bb"}]},{"@type":"WebSite","@id":"https:\/\/comradespartenariat.com\/#website","url":"https:\/\/comradespartenariat.com\/","name":"Communaut\u00e9 de recherche-action sur les droits \u00e9conomiques et sociaux","description":"COMMUNAUT&Eacute; DE RECHERCHE-ACTION SUR LES DROITS &Eacute;CONOMIQUES ET SOCIAUX","publisher":{"@id":"https:\/\/comradespartenariat.com\/#organization"},"potentialAction":[{"@type":"SearchAction","target":{"@type":"EntryPoint","urlTemplate":"https:\/\/comradespartenariat.com\/?s={search_term_string}"},"query-input":{"@type":"PropertyValueSpecification","valueRequired":true,"valueName":"search_term_string"}}],"inLanguage":"en-US"},{"@type":"Organization","@id":"https:\/\/comradespartenariat.com\/#organization","name":"Communaut\u00e9 de recherche-action sur les droits \u00e9conomiques et sociaux","url":"https:\/\/comradespartenariat.com\/","logo":{"@type":"ImageObject","inLanguage":"en-US","@id":"https:\/\/comradespartenariat.com\/#\/schema\/logo\/image\/","url":"https:\/\/comradespartenariat.com\/wp-content\/uploads\/2022\/09\/Medium-moyen.png","contentUrl":"https:\/\/comradespartenariat.com\/wp-content\/uploads\/2022\/09\/Medium-moyen.png","width":860,"height":219,"caption":"Communaut\u00e9 de recherche-action sur les droits \u00e9conomiques et sociaux"},"image":{"@id":"https:\/\/comradespartenariat.com\/#\/schema\/logo\/image\/"},"sameAs":["https:\/\/www.facebook.com\/COMRADESul"]}]}},"_links":{"self":[{"href":"https:\/\/comradespartenariat.com\/en\/wp-json\/wp\/v2\/tribe_events\/7229","targetHints":{"allow":["GET"]}}],"collection":[{"href":"https:\/\/comradespartenariat.com\/en\/wp-json\/wp\/v2\/tribe_events"}],"about":[{"href":"https:\/\/comradespartenariat.com\/en\/wp-json\/wp\/v2\/types\/tribe_events"}],"author":[{"embeddable":true,"href":"https:\/\/comradespartenariat.com\/en\/wp-json\/wp\/v2\/users\/3"}],"version-history":[{"count":1,"href":"https:\/\/comradespartenariat.com\/en\/wp-json\/wp\/v2\/tribe_events\/7229\/revisions"}],"predecessor-version":[{"id":7230,"href":"https:\/\/comradespartenariat.com\/en\/wp-json\/wp\/v2\/tribe_events\/7229\/revisions\/7230"}],"wp:featuredmedia":[{"embeddable":true,"href":"https:\/\/comradespartenariat.com\/en\/wp-json\/wp\/v2\/media\/7223"}],"wp:attachment":[{"href":"https:\/\/comradespartenariat.com\/en\/wp-json\/wp\/v2\/media?parent=7229"}],"wp:term":[{"taxonomy":"post_tag","embeddable":true,"href":"https:\/\/comradespartenariat.com\/en\/wp-json\/wp\/v2\/tags?post=7229"},{"taxonomy":"tribe_events_cat","embeddable":true,"href":"https:\/\/comradespartenariat.com\/en\/wp-json\/wp\/v2\/tribe_events_cat?post=7229"}],"curies":[{"name":"wp","href":"https:\/\/api.w.org\/{rel}","templated":true}]}}