{"id":7323,"date":"2024-05-13T16:02:24","date_gmt":"2024-05-13T21:02:24","guid":{"rendered":"https:\/\/comradespartenariat.com\/evenement\/concours-decriture-2024-de-la-revue-relations-jeunes-voix-engagees-2\/"},"modified":"2024-05-13T16:02:24","modified_gmt":"2024-05-13T21:02:24","slug":"concours-decriture-2024-de-la-revue-relations-jeunes-voix-engagees-2","status":"publish","type":"tribe_events","link":"https:\/\/comradespartenariat.com\/en\/evenement\/concours-decriture-2024-de-la-revue-relations-jeunes-voix-engagees-2\/","title":{"rendered":"Concours d&#8217;\u00e9criture 2024 de la revue Relations : jeunes voix engag\u00e9es"},"content":{"rendered":"<h2 style=\"font-family: var( --e-global-typography-secondary-font-family ), Sans-serif; font-size: var( --e-global-typography-secondary-font-size ); line-height: var( --e-global-typography-secondary-line-height ); font-weight: var( --e-global-typography-secondary-font-weight ); text-transform: none; margin-top: 1.06em; margin-bottom: 0.77em;\">Concours d&#8217;\u00e9criture 2024 de la revue Relations : jeunes voix engag\u00e9es<\/h2>\n<p>Si les in\u00e9galit\u00e9s socio-\u00e9conomiques te mettent en col\u00e8re et que tu es \u00e2g\u00e9.e. entre 18 et 30 ans : la revue Relations a lanc\u00e9 la 7e \u00e9dition du concours d&#8217;\u00e9criture &#8220;jeunes voix engag\u00e9es&#8221;, sur le <strong>th\u00e8me de la col\u00e8re<\/strong> :<\/p>\n<p>&#8220;Le concours offre aux jeunes de 18 \u00e0 30 ans \u2013 aux \u00e9tudes ou pas \u2013 la possibilit\u00e9 de proposer leur analyse et leur regard sur des enjeux de soci\u00e9t\u00e9 et des sujets qui les interpellent, dans une perspective de justice sociale.&#8221;<\/p>\n<p>Deux prix sont remis, comprenant la publication du texte s\u00e9lectionn\u00e9 dans la revue Relations, une bourse de 500$, un abonnement d&#8217;un an \u00e0 la revue Relations.<\/p>\n<p>Les personnes int\u00e9ress\u00e9es doivent soumettre leur texte r\u00e9dig\u00e9 en fran\u00e7ais dans la cat\u00e9gorie Analyse ou Cr\u00e9ation <strong>avant le 15 mai 2024<\/strong>.<\/p>\n<p>Pour plus d&#8217;information sur le concours, et conna\u00eetre les crit\u00e8res de participation et d&#8217;\u00e9valuation : <a href=\"https:\/\/cjf.qc.ca\/revue-relations\/concours-decriture\/?utm_source=Cyberimpact&amp;utm_medium=email&amp;utm_campaign=Concours-decriture-Jeunes-voix-engagees---7e-edition&amp;fbclid=IwAR0aStjVZhGsdaBApQjbJjSh6FIiTex65BJYvtU06_UzsF-3tiqVZu1Y9WY\">la page du concours de la revue Relations<\/a><\/p>\n","protected":false},"excerpt":{"rendered":"<p>La revue Relations a lanc\u00e9 son concours d&#8217;\u00e9criture 2024, jeunes voix engag\u00e9es, sur le th\u00e8me de la col\u00e8re&#8230;<\/p>\n","protected":false},"author":1,"featured_media":6747,"template":"","meta":{"_eb_attr":"","_tribe_events_status":"","_tribe_events_status_reason":"","footnotes":""},"tags":[],"tribe_events_cat":[54],"class_list":["post-7323","tribe_events","type-tribe_events","status-publish","has-post-thumbnail","hentry","tribe_events_cat-gratuit-en","cat_gratuit-en"],"yoast_head":"<!-- This site is optimized with the Yoast SEO plugin v27.5 - https:\/\/yoast.com\/product\/yoast-seo-wordpress\/ -->\n<title>Concours d&#039;\u00e9criture 2024 de la revue Relations : jeunes voix engag\u00e9es - Communaut&eacute; de recherche-action sur les droits &eacute;conomiques et sociaux<\/title>\n<meta name=\"robots\" content=\"index, follow, max-snippet:-1, max-image-preview:large, max-video-preview:-1\" \/>\n<link rel=\"canonical\" href=\"https:\/\/comradespartenariat.com\/evenement\/concours-decriture-2024-de-la-revue-relations-jeunes-voix-engagees\/\" \/>\n<meta property=\"og:locale\" content=\"en_US\" \/>\n<meta property=\"og:type\" content=\"article\" \/>\n<meta property=\"og:title\" content=\"Concours d&#039;\u00e9criture 2024 de la revue Relations : jeunes voix engag\u00e9es - Communaut&eacute; de recherche-action sur les droits &eacute;conomiques et sociaux\" \/>\n<meta property=\"og:description\" content=\"La revue Relations a lanc\u00e9 son concours d&#039;\u00e9criture 2024, jeunes voix engag\u00e9es, sur le th\u00e8me de la col\u00e8re...\" \/>\n<meta property=\"og:url\" content=\"https:\/\/comradespartenariat.com\/evenement\/concours-decriture-2024-de-la-revue-relations-jeunes-voix-engagees\/\" \/>\n<meta property=\"og:site_name\" content=\"Communaut&eacute; de recherche-action sur les droits &eacute;conomiques et sociaux\" \/>\n<meta property=\"article:publisher\" content=\"https:\/\/www.facebook.com\/COMRADESul\" \/>\n<meta property=\"og:image\" content=\"https:\/\/comradespartenariat.com\/wp-content\/uploads\/2024\/02\/Capture-decran-2024-02-21-a-13.51.44.png\" \/>\n\t<meta property=\"og:image:width\" content=\"512\" \/>\n\t<meta property=\"og:image:height\" content=\"346\" \/>\n\t<meta property=\"og:image:type\" content=\"image\/png\" \/>\n<meta name=\"twitter:card\" content=\"summary_large_image\" \/>\n<meta name=\"twitter:label1\" content=\"Est. reading time\" \/>\n\t<meta name=\"twitter:data1\" content=\"1 minute\" \/>\n<script type=\"application\/ld+json\" class=\"yoast-schema-graph\">{\"@context\":\"https:\\\/\\\/schema.org\",\"@graph\":[{\"@type\":\"WebPage\",\"@id\":\"https:\\\/\\\/comradespartenariat.com\\\/evenement\\\/concours-decriture-2024-de-la-revue-relations-jeunes-voix-engagees\\\/\",\"url\":\"https:\\\/\\\/comradespartenariat.com\\\/evenement\\\/concours-decriture-2024-de-la-revue-relations-jeunes-voix-engagees\\\/\",\"name\":\"Concours d'\u00e9criture 2024 de la revue Relations : jeunes voix engag\u00e9es - Communaut&eacute; de recherche-action sur les droits &eacute;conomiques et sociaux\",\"isPartOf\":{\"@id\":\"https:\\\/\\\/comradespartenariat.com\\\/#website\"},\"primaryImageOfPage\":{\"@id\":\"https:\\\/\\\/comradespartenariat.com\\\/evenement\\\/concours-decriture-2024-de-la-revue-relations-jeunes-voix-engagees\\\/#primaryimage\"},\"image\":{\"@id\":\"https:\\\/\\\/comradespartenariat.com\\\/evenement\\\/concours-decriture-2024-de-la-revue-relations-jeunes-voix-engagees\\\/#primaryimage\"},\"thumbnailUrl\":\"https:\\\/\\\/comradespartenariat.com\\\/wp-content\\\/uploads\\\/2024\\\/02\\\/Capture-decran-2024-02-21-a-13.51.44.png\",\"datePublished\":\"2024-05-13T21:02:24+00:00\",\"breadcrumb\":{\"@id\":\"https:\\\/\\\/comradespartenariat.com\\\/evenement\\\/concours-decriture-2024-de-la-revue-relations-jeunes-voix-engagees\\\/#breadcrumb\"},\"inLanguage\":\"en-US\",\"potentialAction\":[{\"@type\":\"ReadAction\",\"target\":[\"https:\\\/\\\/comradespartenariat.com\\\/evenement\\\/concours-decriture-2024-de-la-revue-relations-jeunes-voix-engagees\\\/\"]}]},{\"@type\":\"ImageObject\",\"inLanguage\":\"en-US\",\"@id\":\"https:\\\/\\\/comradespartenariat.com\\\/evenement\\\/concours-decriture-2024-de-la-revue-relations-jeunes-voix-engagees\\\/#primaryimage\",\"url\":\"https:\\\/\\\/comradespartenariat.com\\\/wp-content\\\/uploads\\\/2024\\\/02\\\/Capture-decran-2024-02-21-a-13.51.44.png\",\"contentUrl\":\"https:\\\/\\\/comradespartenariat.com\\\/wp-content\\\/uploads\\\/2024\\\/02\\\/Capture-decran-2024-02-21-a-13.51.44.png\",\"width\":512,\"height\":346,\"caption\":\"th\u00e8me col\u00e8re concours \u00e9criture relations\"},{\"@type\":\"BreadcrumbList\",\"@id\":\"https:\\\/\\\/comradespartenariat.com\\\/evenement\\\/concours-decriture-2024-de-la-revue-relations-jeunes-voix-engagees\\\/#breadcrumb\",\"itemListElement\":[{\"@type\":\"ListItem\",\"position\":1,\"name\":\"Accueil\",\"item\":\"https:\\\/\\\/comradespartenariat.com\\\/en\\\/\"},{\"@type\":\"ListItem\",\"position\":2,\"name\":\"Events\",\"item\":\"https:\\\/\\\/comradespartenariat.com\\\/en\\\/event\\\/\"},{\"@type\":\"ListItem\",\"position\":3,\"name\":\"Concours d&rsquo;\u00e9criture 2024 de la revue Relations : jeunes voix engag\u00e9es\"}]},{\"@type\":\"WebSite\",\"@id\":\"https:\\\/\\\/comradespartenariat.com\\\/#website\",\"url\":\"https:\\\/\\\/comradespartenariat.com\\\/\",\"name\":\"Communaut\u00e9 de recherche-action sur les droits \u00e9conomiques et sociaux\",\"description\":\"COMMUNAUT&Eacute; DE RECHERCHE-ACTION SUR LES DROITS &Eacute;CONOMIQUES ET SOCIAUX\",\"publisher\":{\"@id\":\"https:\\\/\\\/comradespartenariat.com\\\/#organization\"},\"potentialAction\":[{\"@type\":\"SearchAction\",\"target\":{\"@type\":\"EntryPoint\",\"urlTemplate\":\"https:\\\/\\\/comradespartenariat.com\\\/?s={search_term_string}\"},\"query-input\":{\"@type\":\"PropertyValueSpecification\",\"valueRequired\":true,\"valueName\":\"search_term_string\"}}],\"inLanguage\":\"en-US\"},{\"@type\":\"Organization\",\"@id\":\"https:\\\/\\\/comradespartenariat.com\\\/#organization\",\"name\":\"Communaut\u00e9 de recherche-action sur les droits \u00e9conomiques et sociaux\",\"url\":\"https:\\\/\\\/comradespartenariat.com\\\/\",\"logo\":{\"@type\":\"ImageObject\",\"inLanguage\":\"en-US\",\"@id\":\"https:\\\/\\\/comradespartenariat.com\\\/#\\\/schema\\\/logo\\\/image\\\/\",\"url\":\"https:\\\/\\\/comradespartenariat.com\\\/wp-content\\\/uploads\\\/2022\\\/09\\\/Medium-moyen.png\",\"contentUrl\":\"https:\\\/\\\/comradespartenariat.com\\\/wp-content\\\/uploads\\\/2022\\\/09\\\/Medium-moyen.png\",\"width\":860,\"height\":219,\"caption\":\"Communaut\u00e9 de recherche-action sur les droits \u00e9conomiques et sociaux\"},\"image\":{\"@id\":\"https:\\\/\\\/comradespartenariat.com\\\/#\\\/schema\\\/logo\\\/image\\\/\"},\"sameAs\":[\"https:\\\/\\\/www.facebook.com\\\/COMRADESul\"]}]}<\/script>\n<!-- \/ Yoast SEO plugin. -->","yoast_head_json":{"title":"Concours d'\u00e9criture 2024 de la revue Relations : jeunes voix engag\u00e9es - Communaut&eacute; de recherche-action sur les droits &eacute;conomiques et sociaux","robots":{"index":"index","follow":"follow","max-snippet":"max-snippet:-1","max-image-preview":"max-image-preview:large","max-video-preview":"max-video-preview:-1"},"canonical":"https:\/\/comradespartenariat.com\/evenement\/concours-decriture-2024-de-la-revue-relations-jeunes-voix-engagees\/","og_locale":"en_US","og_type":"article","og_title":"Concours d'\u00e9criture 2024 de la revue Relations : jeunes voix engag\u00e9es - Communaut&eacute; de recherche-action sur les droits &eacute;conomiques et sociaux","og_description":"La revue Relations a lanc\u00e9 son concours d'\u00e9criture 2024, jeunes voix engag\u00e9es, sur le th\u00e8me de la col\u00e8re...","og_url":"https:\/\/comradespartenariat.com\/evenement\/concours-decriture-2024-de-la-revue-relations-jeunes-voix-engagees\/","og_site_name":"Communaut&eacute; de recherche-action sur les droits &eacute;conomiques et sociaux","article_publisher":"https:\/\/www.facebook.com\/COMRADESul","og_image":[{"width":512,"height":346,"url":"https:\/\/comradespartenariat.com\/wp-content\/uploads\/2024\/02\/Capture-decran-2024-02-21-a-13.51.44.png","type":"image\/png"}],"twitter_card":"summary_large_image","twitter_misc":{"Est. reading time":"1 minute"},"schema":{"@context":"https:\/\/schema.org","@graph":[{"@type":"WebPage","@id":"https:\/\/comradespartenariat.com\/evenement\/concours-decriture-2024-de-la-revue-relations-jeunes-voix-engagees\/","url":"https:\/\/comradespartenariat.com\/evenement\/concours-decriture-2024-de-la-revue-relations-jeunes-voix-engagees\/","name":"Concours d'\u00e9criture 2024 de la revue Relations : jeunes voix engag\u00e9es - Communaut&eacute; de recherche-action sur les droits &eacute;conomiques et sociaux","isPartOf":{"@id":"https:\/\/comradespartenariat.com\/#website"},"primaryImageOfPage":{"@id":"https:\/\/comradespartenariat.com\/evenement\/concours-decriture-2024-de-la-revue-relations-jeunes-voix-engagees\/#primaryimage"},"image":{"@id":"https:\/\/comradespartenariat.com\/evenement\/concours-decriture-2024-de-la-revue-relations-jeunes-voix-engagees\/#primaryimage"},"thumbnailUrl":"https:\/\/comradespartenariat.com\/wp-content\/uploads\/2024\/02\/Capture-decran-2024-02-21-a-13.51.44.png","datePublished":"2024-05-13T21:02:24+00:00","breadcrumb":{"@id":"https:\/\/comradespartenariat.com\/evenement\/concours-decriture-2024-de-la-revue-relations-jeunes-voix-engagees\/#breadcrumb"},"inLanguage":"en-US","potentialAction":[{"@type":"ReadAction","target":["https:\/\/comradespartenariat.com\/evenement\/concours-decriture-2024-de-la-revue-relations-jeunes-voix-engagees\/"]}]},{"@type":"ImageObject","inLanguage":"en-US","@id":"https:\/\/comradespartenariat.com\/evenement\/concours-decriture-2024-de-la-revue-relations-jeunes-voix-engagees\/#primaryimage","url":"https:\/\/comradespartenariat.com\/wp-content\/uploads\/2024\/02\/Capture-decran-2024-02-21-a-13.51.44.png","contentUrl":"https:\/\/comradespartenariat.com\/wp-content\/uploads\/2024\/02\/Capture-decran-2024-02-21-a-13.51.44.png","width":512,"height":346,"caption":"th\u00e8me col\u00e8re concours \u00e9criture relations"},{"@type":"BreadcrumbList","@id":"https:\/\/comradespartenariat.com\/evenement\/concours-decriture-2024-de-la-revue-relations-jeunes-voix-engagees\/#breadcrumb","itemListElement":[{"@type":"ListItem","position":1,"name":"Accueil","item":"https:\/\/comradespartenariat.com\/en\/"},{"@type":"ListItem","position":2,"name":"Events","item":"https:\/\/comradespartenariat.com\/en\/event\/"},{"@type":"ListItem","position":3,"name":"Concours d&rsquo;\u00e9criture 2024 de la revue Relations : jeunes voix engag\u00e9es"}]},{"@type":"WebSite","@id":"https:\/\/comradespartenariat.com\/#website","url":"https:\/\/comradespartenariat.com\/","name":"Communaut\u00e9 de recherche-action sur les droits \u00e9conomiques et sociaux","description":"COMMUNAUT&Eacute; DE RECHERCHE-ACTION SUR LES DROITS &Eacute;CONOMIQUES ET SOCIAUX","publisher":{"@id":"https:\/\/comradespartenariat.com\/#organization"},"potentialAction":[{"@type":"SearchAction","target":{"@type":"EntryPoint","urlTemplate":"https:\/\/comradespartenariat.com\/?s={search_term_string}"},"query-input":{"@type":"PropertyValueSpecification","valueRequired":true,"valueName":"search_term_string"}}],"inLanguage":"en-US"},{"@type":"Organization","@id":"https:\/\/comradespartenariat.com\/#organization","name":"Communaut\u00e9 de recherche-action sur les droits \u00e9conomiques et sociaux","url":"https:\/\/comradespartenariat.com\/","logo":{"@type":"ImageObject","inLanguage":"en-US","@id":"https:\/\/comradespartenariat.com\/#\/schema\/logo\/image\/","url":"https:\/\/comradespartenariat.com\/wp-content\/uploads\/2022\/09\/Medium-moyen.png","contentUrl":"https:\/\/comradespartenariat.com\/wp-content\/uploads\/2022\/09\/Medium-moyen.png","width":860,"height":219,"caption":"Communaut\u00e9 de recherche-action sur les droits \u00e9conomiques et sociaux"},"image":{"@id":"https:\/\/comradespartenariat.com\/#\/schema\/logo\/image\/"},"sameAs":["https:\/\/www.facebook.com\/COMRADESul"]}]}},"_links":{"self":[{"href":"https:\/\/comradespartenariat.com\/en\/wp-json\/wp\/v2\/tribe_events\/7323","targetHints":{"allow":["GET"]}}],"collection":[{"href":"https:\/\/comradespartenariat.com\/en\/wp-json\/wp\/v2\/tribe_events"}],"about":[{"href":"https:\/\/comradespartenariat.com\/en\/wp-json\/wp\/v2\/types\/tribe_events"}],"author":[{"embeddable":true,"href":"https:\/\/comradespartenariat.com\/en\/wp-json\/wp\/v2\/users\/1"}],"version-history":[{"count":0,"href":"https:\/\/comradespartenariat.com\/en\/wp-json\/wp\/v2\/tribe_events\/7323\/revisions"}],"wp:featuredmedia":[{"embeddable":true,"href":"https:\/\/comradespartenariat.com\/en\/wp-json\/wp\/v2\/media\/6747"}],"wp:attachment":[{"href":"https:\/\/comradespartenariat.com\/en\/wp-json\/wp\/v2\/media?parent=7323"}],"wp:term":[{"taxonomy":"post_tag","embeddable":true,"href":"https:\/\/comradespartenariat.com\/en\/wp-json\/wp\/v2\/tags?post=7323"},{"taxonomy":"tribe_events_cat","embeddable":true,"href":"https:\/\/comradespartenariat.com\/en\/wp-json\/wp\/v2\/tribe_events_cat?post=7323"}],"curies":[{"name":"wp","href":"https:\/\/api.w.org\/{rel}","templated":true}]}}