{"id":7351,"date":"2024-05-15T09:09:46","date_gmt":"2024-05-15T14:09:46","guid":{"rendered":"https:\/\/comradespartenariat.com\/evenement\/91e-congres-de-lacfas-la-sante-les-services-sociaux-et-la-justice-au-prisme-de-la-nouvelle-gestion-publique\/"},"modified":"2024-05-15T09:09:46","modified_gmt":"2024-05-15T14:09:46","slug":"91e-congres-de-lacfas-la-sante-les-services-sociaux-et-la-justice-au-prisme-de-la-nouvelle-gestion-publique","status":"publish","type":"tribe_events","link":"https:\/\/comradespartenariat.com\/en\/evenement\/91e-congres-de-lacfas-la-sante-les-services-sociaux-et-la-justice-au-prisme-de-la-nouvelle-gestion-publique\/","title":{"rendered":"91e Congr\u00e8s de l&#8217;ACFAS: La sant\u00e9, les services sociaux et la justice au prisme de la nouvelle gestion publique"},"content":{"rendered":"<h2 style=\"font-family: var( --e-global-typography-secondary-font-family ), Sans-serif; font-size: var( --e-global-typography-secondary-font-size ); line-height: var( --e-global-typography-secondary-line-height ); font-weight: var( --e-global-typography-secondary-font-weight ); text-transform: none; margin-top: 1.06em; margin-bottom: 0.77em;\">91e Congr\u00e8s de l&#8217;ACFAS \u00ab La sant\u00e9, les services sociaux et la justice au prisme de la nouvelle gestion publique : approche transversale \u00bb<\/h2>\n<p>Le 14 mai 2024, la professeure <a href=\"https:\/\/www.fd.ulaval.ca\/notre-faculte\/repertoire-du-personnel\/christine-vezina\">Christine V\u00e9zina<\/a>, chercheure principale et directrice de COMRADES, a particip\u00e9 \u00e0 une<a href=\"https:\/\/www.acfas.ca\/evenements\/congres\/programme\/91\/400\/427\/c\"> table ronde sur l&#8217; \u00e9volution de la conception des services publics en sant\u00e9 sous l\u2019\u00e9gide de la NGP (Nouvelle Gestion Publique)<\/a>.<\/p>\n<p>Sa communication s&#8217;intitule &#8220;Ce que nous dit la jurisprudence relative aux Chartes qu\u00e9b\u00e9coises et canadienne des droits et libert\u00e9s sur ce que sont les services de sant\u00e9 et les services publics au Qu\u00e9bec&#8221; :<\/p>\n<p>La nouvelle gestion publique (NGP) \u00e0 laquelle recourt le gouvernement du Qu\u00e9bec depuis la fin des ann\u00e9es 1980 pour r\u00e9aliser sa mission de service public a transform\u00e9 le visage de la sant\u00e9, de l\u2019\u00e9ducation et des services sociaux. Les effets de ces changements \u00ab structurels, organisationnels et axiologiques \u00bb (Grenier et Bourque, 2018) se font ressentir tant sur le plan de la d\u00e9t\u00e9rioration des conditions de travail (le Pain et al. 2021) que celui de l\u2019acc\u00e8s d\u00e9ficient \u00e0 des services en quantit\u00e9 suffisante et adapt\u00e9e aux besoins (Grenier et al. 2021 ). Les imp\u00e9ratifs d\u2019efficience, d\u2019efficacit\u00e9, de qualit\u00e9, de gestion ax\u00e9e sur les r\u00e9sultats et de contr\u00f4le des co\u00fbts propres \u00e0 cette gestion (Couturier et al. 2013) ont entra\u00een\u00e9 des coupures et une conditionnalit\u00e9 d\u2019acc\u00e8s aux services (Bernheim, 2023). Plus encore, cette NGP serait reli\u00e9e \u00e0 la hausse de la judiciarisation du social, comme outil de contr\u00f4le et de \u00ab responsabilisation \u00bb des personnes dont la situation de vuln\u00e9rabilit\u00e9 est croissante en raison des failles toujours plus vastes du filet social.<\/p>\n<p>Il nous semble important de :1) s\u2019interroger sur les remparts qu\u2019offrent les droits prot\u00e9g\u00e9s dans les chartes constitutionnelle et quasi constitutionnelle face aux d\u00e9rives de la NGP; et, en partant de ceux-ci, 2) de faire ressortir la conception des services de sant\u00e9, et plus g\u00e9n\u00e9ralement des services publics, des tribunaux judiciaires lorsqu\u2019ils sont appel\u00e9s \u00e0 se prononcer sur des questions relatives aux droits fondamentaux.<\/p>\n","protected":false},"excerpt":{"rendered":"<p>Le 14 mai 2024, Christine V\u00e9zina est intervenue au 91e Congr\u00e8s de l&#8217;ACFAS sur &#8220;Ce que nous dit la jurisprudence relative aux Chartes qu\u00e9b\u00e9coises et canadienne des droits et libert\u00e9s sur ce que sont les services de sant\u00e9 et les services publics au Qu\u00e9bec&#8221;.<\/p>\n","protected":false},"author":3,"featured_media":7338,"template":"","meta":{"_eb_attr":"","_tribe_events_status":"","_tribe_events_status_reason":"","footnotes":""},"tags":[],"tribe_events_cat":[],"class_list":["post-7351","tribe_events","type-tribe_events","status-publish","has-post-thumbnail","hentry"],"yoast_head":"<!-- This site is optimized with the Yoast SEO plugin v27.5 - https:\/\/yoast.com\/product\/yoast-seo-wordpress\/ -->\n<title>91e Congr\u00e8s de l&#039;ACFAS: La sant\u00e9, les services sociaux et la justice au prisme de la nouvelle gestion publique - Communaut&eacute; de recherche-action sur les droits &eacute;conomiques et sociaux<\/title>\n<meta name=\"description\" content=\"Christine V\u00e9zina a particip\u00e9 au 91e Congr\u00e8s de l&#039;ACFAS autour d&#039;une table ronde sur la sant\u00e9, les services sociaux et la justice au prisme de la nouvelle gestion publique.\" \/>\n<meta name=\"robots\" content=\"index, follow, max-snippet:-1, max-image-preview:large, max-video-preview:-1\" \/>\n<link rel=\"canonical\" href=\"https:\/\/comradespartenariat.com\/evenement\/91e-congres-de-lacfas-la-sante-les-services-sociaux-et-la-justice\/\" \/>\n<meta property=\"og:locale\" content=\"en_US\" \/>\n<meta property=\"og:type\" content=\"article\" \/>\n<meta property=\"og:title\" content=\"91e Congr\u00e8s de l&#039;ACFAS: La sant\u00e9, les services sociaux et la justice au prisme de la nouvelle gestion publique - Communaut&eacute; de recherche-action sur les droits &eacute;conomiques et sociaux\" \/>\n<meta property=\"og:description\" content=\"Christine V\u00e9zina a particip\u00e9 au 91e Congr\u00e8s de l&#039;ACFAS autour d&#039;une table ronde sur la sant\u00e9, les services sociaux et la justice au prisme de la nouvelle gestion publique.\" \/>\n<meta property=\"og:url\" content=\"https:\/\/comradespartenariat.com\/evenement\/91e-congres-de-lacfas-la-sante-les-services-sociaux-et-la-justice\/\" \/>\n<meta property=\"og:site_name\" content=\"Communaut&eacute; de recherche-action sur les droits &eacute;conomiques et sociaux\" \/>\n<meta property=\"article:publisher\" content=\"https:\/\/www.facebook.com\/COMRADESul\" \/>\n<meta property=\"og:image\" content=\"https:\/\/comradespartenariat.com\/wp-content\/uploads\/2024\/05\/91e-congres-ACFAS.png\" \/>\n\t<meta property=\"og:image:width\" content=\"1256\" \/>\n\t<meta property=\"og:image:height\" content=\"748\" \/>\n\t<meta property=\"og:image:type\" content=\"image\/png\" \/>\n<meta name=\"twitter:card\" content=\"summary_large_image\" \/>\n<meta name=\"twitter:label1\" content=\"Est. reading time\" \/>\n\t<meta name=\"twitter:data1\" content=\"2 minutes\" \/>\n<script type=\"application\/ld+json\" class=\"yoast-schema-graph\">{\"@context\":\"https:\\\/\\\/schema.org\",\"@graph\":[{\"@type\":\"WebPage\",\"@id\":\"https:\\\/\\\/comradespartenariat.com\\\/evenement\\\/91e-congres-de-lacfas-la-sante-les-services-sociaux-et-la-justice\\\/\",\"url\":\"https:\\\/\\\/comradespartenariat.com\\\/evenement\\\/91e-congres-de-lacfas-la-sante-les-services-sociaux-et-la-justice\\\/\",\"name\":\"91e Congr\u00e8s de l'ACFAS: La sant\u00e9, les services sociaux et la justice au prisme de la nouvelle gestion publique - Communaut&eacute; de recherche-action sur les droits &eacute;conomiques et sociaux\",\"isPartOf\":{\"@id\":\"https:\\\/\\\/comradespartenariat.com\\\/#website\"},\"primaryImageOfPage\":{\"@id\":\"https:\\\/\\\/comradespartenariat.com\\\/evenement\\\/91e-congres-de-lacfas-la-sante-les-services-sociaux-et-la-justice\\\/#primaryimage\"},\"image\":{\"@id\":\"https:\\\/\\\/comradespartenariat.com\\\/evenement\\\/91e-congres-de-lacfas-la-sante-les-services-sociaux-et-la-justice\\\/#primaryimage\"},\"thumbnailUrl\":\"https:\\\/\\\/comradespartenariat.com\\\/wp-content\\\/uploads\\\/2024\\\/05\\\/91e-congres-ACFAS.png\",\"datePublished\":\"2024-05-15T14:09:46+00:00\",\"description\":\"Christine V\u00e9zina a particip\u00e9 au 91e Congr\u00e8s de l'ACFAS autour d'une table ronde sur la sant\u00e9, les services sociaux et la justice au prisme de la nouvelle gestion publique.\",\"breadcrumb\":{\"@id\":\"https:\\\/\\\/comradespartenariat.com\\\/evenement\\\/91e-congres-de-lacfas-la-sante-les-services-sociaux-et-la-justice\\\/#breadcrumb\"},\"inLanguage\":\"en-US\",\"potentialAction\":[{\"@type\":\"ReadAction\",\"target\":[\"https:\\\/\\\/comradespartenariat.com\\\/evenement\\\/91e-congres-de-lacfas-la-sante-les-services-sociaux-et-la-justice\\\/\"]}]},{\"@type\":\"ImageObject\",\"inLanguage\":\"en-US\",\"@id\":\"https:\\\/\\\/comradespartenariat.com\\\/evenement\\\/91e-congres-de-lacfas-la-sante-les-services-sociaux-et-la-justice\\\/#primaryimage\",\"url\":\"https:\\\/\\\/comradespartenariat.com\\\/wp-content\\\/uploads\\\/2024\\\/05\\\/91e-congres-ACFAS.png\",\"contentUrl\":\"https:\\\/\\\/comradespartenariat.com\\\/wp-content\\\/uploads\\\/2024\\\/05\\\/91e-congres-ACFAS.png\",\"width\":1256,\"height\":748,\"caption\":\"congre\u0300s\"},{\"@type\":\"BreadcrumbList\",\"@id\":\"https:\\\/\\\/comradespartenariat.com\\\/evenement\\\/91e-congres-de-lacfas-la-sante-les-services-sociaux-et-la-justice\\\/#breadcrumb\",\"itemListElement\":[{\"@type\":\"ListItem\",\"position\":1,\"name\":\"Accueil\",\"item\":\"https:\\\/\\\/comradespartenariat.com\\\/en\\\/\"},{\"@type\":\"ListItem\",\"position\":2,\"name\":\"Events\",\"item\":\"https:\\\/\\\/comradespartenariat.com\\\/en\\\/event\\\/\"},{\"@type\":\"ListItem\",\"position\":3,\"name\":\"91e Congr\u00e8s de l&rsquo;ACFAS: La sant\u00e9, les services sociaux et la justice au prisme de la nouvelle gestion publique\"}]},{\"@type\":\"WebSite\",\"@id\":\"https:\\\/\\\/comradespartenariat.com\\\/#website\",\"url\":\"https:\\\/\\\/comradespartenariat.com\\\/\",\"name\":\"Communaut\u00e9 de recherche-action sur les droits \u00e9conomiques et sociaux\",\"description\":\"COMMUNAUT&Eacute; DE RECHERCHE-ACTION SUR LES DROITS &Eacute;CONOMIQUES ET SOCIAUX\",\"publisher\":{\"@id\":\"https:\\\/\\\/comradespartenariat.com\\\/#organization\"},\"potentialAction\":[{\"@type\":\"SearchAction\",\"target\":{\"@type\":\"EntryPoint\",\"urlTemplate\":\"https:\\\/\\\/comradespartenariat.com\\\/?s={search_term_string}\"},\"query-input\":{\"@type\":\"PropertyValueSpecification\",\"valueRequired\":true,\"valueName\":\"search_term_string\"}}],\"inLanguage\":\"en-US\"},{\"@type\":\"Organization\",\"@id\":\"https:\\\/\\\/comradespartenariat.com\\\/#organization\",\"name\":\"Communaut\u00e9 de recherche-action sur les droits \u00e9conomiques et sociaux\",\"url\":\"https:\\\/\\\/comradespartenariat.com\\\/\",\"logo\":{\"@type\":\"ImageObject\",\"inLanguage\":\"en-US\",\"@id\":\"https:\\\/\\\/comradespartenariat.com\\\/#\\\/schema\\\/logo\\\/image\\\/\",\"url\":\"https:\\\/\\\/comradespartenariat.com\\\/wp-content\\\/uploads\\\/2022\\\/09\\\/Medium-moyen.png\",\"contentUrl\":\"https:\\\/\\\/comradespartenariat.com\\\/wp-content\\\/uploads\\\/2022\\\/09\\\/Medium-moyen.png\",\"width\":860,\"height\":219,\"caption\":\"Communaut\u00e9 de recherche-action sur les droits \u00e9conomiques et sociaux\"},\"image\":{\"@id\":\"https:\\\/\\\/comradespartenariat.com\\\/#\\\/schema\\\/logo\\\/image\\\/\"},\"sameAs\":[\"https:\\\/\\\/www.facebook.com\\\/COMRADESul\"]}]}<\/script>\n<!-- \/ Yoast SEO plugin. -->","yoast_head_json":{"title":"91e Congr\u00e8s de l'ACFAS: La sant\u00e9, les services sociaux et la justice au prisme de la nouvelle gestion publique - Communaut&eacute; de recherche-action sur les droits &eacute;conomiques et sociaux","description":"Christine V\u00e9zina a particip\u00e9 au 91e Congr\u00e8s de l'ACFAS autour d'une table ronde sur la sant\u00e9, les services sociaux et la justice au prisme de la nouvelle gestion publique.","robots":{"index":"index","follow":"follow","max-snippet":"max-snippet:-1","max-image-preview":"max-image-preview:large","max-video-preview":"max-video-preview:-1"},"canonical":"https:\/\/comradespartenariat.com\/evenement\/91e-congres-de-lacfas-la-sante-les-services-sociaux-et-la-justice\/","og_locale":"en_US","og_type":"article","og_title":"91e Congr\u00e8s de l'ACFAS: La sant\u00e9, les services sociaux et la justice au prisme de la nouvelle gestion publique - Communaut&eacute; de recherche-action sur les droits &eacute;conomiques et sociaux","og_description":"Christine V\u00e9zina a particip\u00e9 au 91e Congr\u00e8s de l'ACFAS autour d'une table ronde sur la sant\u00e9, les services sociaux et la justice au prisme de la nouvelle gestion publique.","og_url":"https:\/\/comradespartenariat.com\/evenement\/91e-congres-de-lacfas-la-sante-les-services-sociaux-et-la-justice\/","og_site_name":"Communaut&eacute; de recherche-action sur les droits &eacute;conomiques et sociaux","article_publisher":"https:\/\/www.facebook.com\/COMRADESul","og_image":[{"width":1256,"height":748,"url":"https:\/\/comradespartenariat.com\/wp-content\/uploads\/2024\/05\/91e-congres-ACFAS.png","type":"image\/png"}],"twitter_card":"summary_large_image","twitter_misc":{"Est. reading time":"2 minutes"},"schema":{"@context":"https:\/\/schema.org","@graph":[{"@type":"WebPage","@id":"https:\/\/comradespartenariat.com\/evenement\/91e-congres-de-lacfas-la-sante-les-services-sociaux-et-la-justice\/","url":"https:\/\/comradespartenariat.com\/evenement\/91e-congres-de-lacfas-la-sante-les-services-sociaux-et-la-justice\/","name":"91e Congr\u00e8s de l'ACFAS: La sant\u00e9, les services sociaux et la justice au prisme de la nouvelle gestion publique - Communaut&eacute; de recherche-action sur les droits &eacute;conomiques et sociaux","isPartOf":{"@id":"https:\/\/comradespartenariat.com\/#website"},"primaryImageOfPage":{"@id":"https:\/\/comradespartenariat.com\/evenement\/91e-congres-de-lacfas-la-sante-les-services-sociaux-et-la-justice\/#primaryimage"},"image":{"@id":"https:\/\/comradespartenariat.com\/evenement\/91e-congres-de-lacfas-la-sante-les-services-sociaux-et-la-justice\/#primaryimage"},"thumbnailUrl":"https:\/\/comradespartenariat.com\/wp-content\/uploads\/2024\/05\/91e-congres-ACFAS.png","datePublished":"2024-05-15T14:09:46+00:00","description":"Christine V\u00e9zina a particip\u00e9 au 91e Congr\u00e8s de l'ACFAS autour d'une table ronde sur la sant\u00e9, les services sociaux et la justice au prisme de la nouvelle gestion publique.","breadcrumb":{"@id":"https:\/\/comradespartenariat.com\/evenement\/91e-congres-de-lacfas-la-sante-les-services-sociaux-et-la-justice\/#breadcrumb"},"inLanguage":"en-US","potentialAction":[{"@type":"ReadAction","target":["https:\/\/comradespartenariat.com\/evenement\/91e-congres-de-lacfas-la-sante-les-services-sociaux-et-la-justice\/"]}]},{"@type":"ImageObject","inLanguage":"en-US","@id":"https:\/\/comradespartenariat.com\/evenement\/91e-congres-de-lacfas-la-sante-les-services-sociaux-et-la-justice\/#primaryimage","url":"https:\/\/comradespartenariat.com\/wp-content\/uploads\/2024\/05\/91e-congres-ACFAS.png","contentUrl":"https:\/\/comradespartenariat.com\/wp-content\/uploads\/2024\/05\/91e-congres-ACFAS.png","width":1256,"height":748,"caption":"congre\u0300s"},{"@type":"BreadcrumbList","@id":"https:\/\/comradespartenariat.com\/evenement\/91e-congres-de-lacfas-la-sante-les-services-sociaux-et-la-justice\/#breadcrumb","itemListElement":[{"@type":"ListItem","position":1,"name":"Accueil","item":"https:\/\/comradespartenariat.com\/en\/"},{"@type":"ListItem","position":2,"name":"Events","item":"https:\/\/comradespartenariat.com\/en\/event\/"},{"@type":"ListItem","position":3,"name":"91e Congr\u00e8s de l&rsquo;ACFAS: La sant\u00e9, les services sociaux et la justice au prisme de la nouvelle gestion publique"}]},{"@type":"WebSite","@id":"https:\/\/comradespartenariat.com\/#website","url":"https:\/\/comradespartenariat.com\/","name":"Communaut\u00e9 de recherche-action sur les droits \u00e9conomiques et sociaux","description":"COMMUNAUT&Eacute; DE RECHERCHE-ACTION SUR LES DROITS &Eacute;CONOMIQUES ET SOCIAUX","publisher":{"@id":"https:\/\/comradespartenariat.com\/#organization"},"potentialAction":[{"@type":"SearchAction","target":{"@type":"EntryPoint","urlTemplate":"https:\/\/comradespartenariat.com\/?s={search_term_string}"},"query-input":{"@type":"PropertyValueSpecification","valueRequired":true,"valueName":"search_term_string"}}],"inLanguage":"en-US"},{"@type":"Organization","@id":"https:\/\/comradespartenariat.com\/#organization","name":"Communaut\u00e9 de recherche-action sur les droits \u00e9conomiques et sociaux","url":"https:\/\/comradespartenariat.com\/","logo":{"@type":"ImageObject","inLanguage":"en-US","@id":"https:\/\/comradespartenariat.com\/#\/schema\/logo\/image\/","url":"https:\/\/comradespartenariat.com\/wp-content\/uploads\/2022\/09\/Medium-moyen.png","contentUrl":"https:\/\/comradespartenariat.com\/wp-content\/uploads\/2022\/09\/Medium-moyen.png","width":860,"height":219,"caption":"Communaut\u00e9 de recherche-action sur les droits \u00e9conomiques et sociaux"},"image":{"@id":"https:\/\/comradespartenariat.com\/#\/schema\/logo\/image\/"},"sameAs":["https:\/\/www.facebook.com\/COMRADESul"]}]}},"_links":{"self":[{"href":"https:\/\/comradespartenariat.com\/en\/wp-json\/wp\/v2\/tribe_events\/7351","targetHints":{"allow":["GET"]}}],"collection":[{"href":"https:\/\/comradespartenariat.com\/en\/wp-json\/wp\/v2\/tribe_events"}],"about":[{"href":"https:\/\/comradespartenariat.com\/en\/wp-json\/wp\/v2\/types\/tribe_events"}],"author":[{"embeddable":true,"href":"https:\/\/comradespartenariat.com\/en\/wp-json\/wp\/v2\/users\/3"}],"version-history":[{"count":0,"href":"https:\/\/comradespartenariat.com\/en\/wp-json\/wp\/v2\/tribe_events\/7351\/revisions"}],"wp:featuredmedia":[{"embeddable":true,"href":"https:\/\/comradespartenariat.com\/en\/wp-json\/wp\/v2\/media\/7338"}],"wp:attachment":[{"href":"https:\/\/comradespartenariat.com\/en\/wp-json\/wp\/v2\/media?parent=7351"}],"wp:term":[{"taxonomy":"post_tag","embeddable":true,"href":"https:\/\/comradespartenariat.com\/en\/wp-json\/wp\/v2\/tags?post=7351"},{"taxonomy":"tribe_events_cat","embeddable":true,"href":"https:\/\/comradespartenariat.com\/en\/wp-json\/wp\/v2\/tribe_events_cat?post=7351"}],"curies":[{"name":"wp","href":"https:\/\/api.w.org\/{rel}","templated":true}]}}