{"id":7897,"date":"2025-03-19T09:59:55","date_gmt":"2025-03-19T14:59:55","guid":{"rendered":"https:\/\/comradespartenariat.com\/evenement\/entre-la-fiction-et-le-reel-regards-croises-sur-les-crises-du-logement-et-de-litinerance\/"},"modified":"2025-03-19T09:59:55","modified_gmt":"2025-03-19T14:59:55","slug":"entre-la-fiction-et-le-reel-regards-croises-sur-les-crises-du-logement-et-de-litinerance","status":"publish","type":"tribe_events","link":"https:\/\/comradespartenariat.com\/en\/evenement\/entre-la-fiction-et-le-reel-regards-croises-sur-les-crises-du-logement-et-de-litinerance\/","title":{"rendered":"Entre la fiction et le r\u00e9el : Regards crois\u00e9s sur les crises du logement et de l\u2019itin\u00e9rance"},"content":{"rendered":"<h2 style=\"font-family: var( --e-global-typography-secondary-font-family ), Sans-serif; font-size: var( --e-global-typography-secondary-font-size ); line-height: var( --e-global-typography-secondary-line-height ); font-weight: var( --e-global-typography-secondary-font-weight ); text-transform: none; margin-top: 1.06em; margin-bottom: 0.77em;\">Entre la fiction et le r\u00e9el : Regards crois\u00e9s sur les crises du logement et de l\u2019itin\u00e9rance. Discussion autour du roman <em>Peuple de verre<\/em>, de Catherine Leroux <\/h2>\n<p>Dans le cadre des Matin\u00e9es de la justice du CRDP, nous avons le plaisir de vous inviter \u00e0 la conf\u00e9rence \u00ab Entre la fiction et le r\u00e9el : Regards crois\u00e9s sur les crises du logement et de l\u2019itin\u00e9rance. Discussion autour du roman <em>Peuple de verre<\/em>, de Catherine Leroux \u00bb.<a href=\"https:\/\/www.crdp.umontreal.ca\/files\/sites\/101\/2025\/03\/Entre-la-fiction-et-le-reel.pdf\"> Lire le r\u00e9sum\u00e9<\/a> <\/p>\n<p>Pan\u00e9listes :<\/p>\n<p><strong>Catherine Leroux<\/strong>, autrice;<\/p>\n<p><strong>Renaud Goyer<\/strong>, professeur substitut, \u00c9cole de travail social, UQ\u00c0M;<\/p>\n<p><strong>Martin Galli\u00e9<\/strong>, professeur au d\u00e9partement des sciences juridiques, UQ\u00c0M<\/p>\n<p><strong>Christine V\u00e9zina<\/strong>, professeure \u00e0 la facult\u00e9 de droit, ULaval et chercheure principale de COMRADES-Communaut\u00e9 de recherche-action sur les droits \u00e9conomiques sociaux et culturels.<\/p>\n<p>Animatrice : <strong>Camille B\u00e9tencourt,<\/strong> doctorante, ULaval et coordonnatrice de COMRADES-Communaut\u00e9 de recherche-action sur les droits \u00e9conomiques sociaux et culturels.<\/p>\n<p>Lien d&#8217;inscription (gratuit) : <a href=\"https:\/\/www.crdp.umontreal.ca\/nouvelles\/2025\/03\/15\/entre-la-fiction-et-le-reel-regards-croises-sur-les-crises-du-logement-et-de-litinerance\/\">cliquez-ici <\/a> <\/p>\n<p>Activit\u00e9 organis\u00e9e par le Centre de recherche en droit public (CRDP) et la Communaut\u00e9 de recherche-action sur les droits \u00e9conomiques sociaux et culturels (COMRADES), en collaboration avec les \u00c9ditions Alto, le Centre de recherche de Montr\u00e9al sur les in\u00e9galit\u00e9s sociales, les discriminations et les pratiques alternatives de citoyennet\u00e9 (CREMIS), le Groupe de recherche interuniversitaire et interdisciplinaire sur l\u2019emploi, la pauvret\u00e9 et la protection sociale (Gireps) et l\u2019Observatoire des profilages (ODP).<\/p>\n","protected":false},"excerpt":{"rendered":"<p>Discussion autour du roman Peuple de verre, de Catherine Leroux, Entre la fiction et le r\u00e9el : Regards crois\u00e9s sur les crises du logement et de l\u2019itin\u00e9rance&#8230;<\/p>\n","protected":false},"author":3,"featured_media":7893,"template":"","meta":{"_eb_attr":"","_tribe_events_status":"","_tribe_events_status_reason":"","footnotes":""},"tags":[],"tribe_events_cat":[],"class_list":["post-7897","tribe_events","type-tribe_events","status-publish","has-post-thumbnail","hentry"],"yoast_head":"<!-- This site is optimized with the Yoast SEO plugin v27.5 - https:\/\/yoast.com\/product\/yoast-seo-wordpress\/ -->\n<title>Entre la fiction et le r\u00e9el : Regards crois\u00e9s sur les crises du logement et de l\u2019itin\u00e9rance - Communaut&eacute; de recherche-action sur les droits &eacute;conomiques et sociaux<\/title>\n<meta name=\"description\" content=\"Entre la fiction et le r\u00e9el : Regards crois\u00e9s sur les crises du logement et de l\u2019itin\u00e9rance. Discussion autour du roman Peuple de verre, de Catherine Leroux\" \/>\n<meta name=\"robots\" content=\"index, follow, max-snippet:-1, max-image-preview:large, max-video-preview:-1\" \/>\n<link rel=\"canonical\" href=\"https:\/\/comradespartenariat.com\/evenement\/discussion-peuple-de-verre-entre-la-fiction-et-le-reel\/\" \/>\n<meta property=\"og:locale\" content=\"en_US\" \/>\n<meta property=\"og:type\" content=\"article\" \/>\n<meta property=\"og:title\" content=\"Entre la fiction et le r\u00e9el : Regards crois\u00e9s sur les crises du logement et de l\u2019itin\u00e9rance - Communaut&eacute; de recherche-action sur les droits &eacute;conomiques et sociaux\" \/>\n<meta property=\"og:description\" content=\"Entre la fiction et le r\u00e9el : Regards crois\u00e9s sur les crises du logement et de l\u2019itin\u00e9rance. Discussion autour du roman Peuple de verre, de Catherine Leroux\" \/>\n<meta property=\"og:url\" content=\"https:\/\/comradespartenariat.com\/evenement\/discussion-peuple-de-verre-entre-la-fiction-et-le-reel\/\" \/>\n<meta property=\"og:site_name\" content=\"Communaut&eacute; de recherche-action sur les droits &eacute;conomiques et sociaux\" \/>\n<meta property=\"article:publisher\" content=\"https:\/\/www.facebook.com\/COMRADESul\" \/>\n<meta property=\"og:image\" content=\"https:\/\/comradespartenariat.com\/wp-content\/uploads\/2025\/03\/discussion-peuple-de-verre-CRDP-1024x573.png\" \/>\n\t<meta property=\"og:image:width\" content=\"1024\" \/>\n\t<meta property=\"og:image:height\" content=\"573\" \/>\n\t<meta property=\"og:image:type\" content=\"image\/png\" \/>\n<meta name=\"twitter:card\" content=\"summary_large_image\" \/>\n<meta name=\"twitter:label1\" content=\"Est. reading time\" \/>\n\t<meta name=\"twitter:data1\" content=\"1 minute\" \/>\n<script type=\"application\/ld+json\" class=\"yoast-schema-graph\">{\"@context\":\"https:\\\/\\\/schema.org\",\"@graph\":[{\"@type\":\"WebPage\",\"@id\":\"https:\\\/\\\/comradespartenariat.com\\\/evenement\\\/discussion-peuple-de-verre-entre-la-fiction-et-le-reel\\\/\",\"url\":\"https:\\\/\\\/comradespartenariat.com\\\/evenement\\\/discussion-peuple-de-verre-entre-la-fiction-et-le-reel\\\/\",\"name\":\"Entre la fiction et le r\u00e9el : Regards crois\u00e9s sur les crises du logement et de l\u2019itin\u00e9rance - Communaut&eacute; de recherche-action sur les droits &eacute;conomiques et sociaux\",\"isPartOf\":{\"@id\":\"https:\\\/\\\/comradespartenariat.com\\\/#website\"},\"primaryImageOfPage\":{\"@id\":\"https:\\\/\\\/comradespartenariat.com\\\/evenement\\\/discussion-peuple-de-verre-entre-la-fiction-et-le-reel\\\/#primaryimage\"},\"image\":{\"@id\":\"https:\\\/\\\/comradespartenariat.com\\\/evenement\\\/discussion-peuple-de-verre-entre-la-fiction-et-le-reel\\\/#primaryimage\"},\"thumbnailUrl\":\"https:\\\/\\\/comradespartenariat.com\\\/wp-content\\\/uploads\\\/2025\\\/03\\\/discussion-peuple-de-verre-CRDP.png\",\"datePublished\":\"2025-03-19T14:59:55+00:00\",\"description\":\"Entre la fiction et le r\u00e9el : Regards crois\u00e9s sur les crises du logement et de l\u2019itin\u00e9rance. Discussion autour du roman Peuple de verre, de Catherine Leroux\",\"breadcrumb\":{\"@id\":\"https:\\\/\\\/comradespartenariat.com\\\/evenement\\\/discussion-peuple-de-verre-entre-la-fiction-et-le-reel\\\/#breadcrumb\"},\"inLanguage\":\"en-US\",\"potentialAction\":[{\"@type\":\"ReadAction\",\"target\":[\"https:\\\/\\\/comradespartenariat.com\\\/evenement\\\/discussion-peuple-de-verre-entre-la-fiction-et-le-reel\\\/\"]}]},{\"@type\":\"ImageObject\",\"inLanguage\":\"en-US\",\"@id\":\"https:\\\/\\\/comradespartenariat.com\\\/evenement\\\/discussion-peuple-de-verre-entre-la-fiction-et-le-reel\\\/#primaryimage\",\"url\":\"https:\\\/\\\/comradespartenariat.com\\\/wp-content\\\/uploads\\\/2025\\\/03\\\/discussion-peuple-de-verre-CRDP.png\",\"contentUrl\":\"https:\\\/\\\/comradespartenariat.com\\\/wp-content\\\/uploads\\\/2025\\\/03\\\/discussion-peuple-de-verre-CRDP.png\",\"width\":3158,\"height\":1768,\"caption\":\"discussion peuple de verre CRDP\"},{\"@type\":\"BreadcrumbList\",\"@id\":\"https:\\\/\\\/comradespartenariat.com\\\/evenement\\\/discussion-peuple-de-verre-entre-la-fiction-et-le-reel\\\/#breadcrumb\",\"itemListElement\":[{\"@type\":\"ListItem\",\"position\":1,\"name\":\"Accueil\",\"item\":\"https:\\\/\\\/comradespartenariat.com\\\/en\\\/\"},{\"@type\":\"ListItem\",\"position\":2,\"name\":\"Events\",\"item\":\"https:\\\/\\\/comradespartenariat.com\\\/en\\\/event\\\/\"},{\"@type\":\"ListItem\",\"position\":3,\"name\":\"Entre la fiction et le r\u00e9el : Regards crois\u00e9s sur les crises du logement et de l\u2019itin\u00e9rance\"}]},{\"@type\":\"WebSite\",\"@id\":\"https:\\\/\\\/comradespartenariat.com\\\/#website\",\"url\":\"https:\\\/\\\/comradespartenariat.com\\\/\",\"name\":\"Communaut\u00e9 de recherche-action sur les droits \u00e9conomiques et sociaux\",\"description\":\"COMMUNAUT&Eacute; DE RECHERCHE-ACTION SUR LES DROITS &Eacute;CONOMIQUES ET SOCIAUX\",\"publisher\":{\"@id\":\"https:\\\/\\\/comradespartenariat.com\\\/#organization\"},\"potentialAction\":[{\"@type\":\"SearchAction\",\"target\":{\"@type\":\"EntryPoint\",\"urlTemplate\":\"https:\\\/\\\/comradespartenariat.com\\\/?s={search_term_string}\"},\"query-input\":{\"@type\":\"PropertyValueSpecification\",\"valueRequired\":true,\"valueName\":\"search_term_string\"}}],\"inLanguage\":\"en-US\"},{\"@type\":\"Organization\",\"@id\":\"https:\\\/\\\/comradespartenariat.com\\\/#organization\",\"name\":\"Communaut\u00e9 de recherche-action sur les droits \u00e9conomiques et sociaux\",\"url\":\"https:\\\/\\\/comradespartenariat.com\\\/\",\"logo\":{\"@type\":\"ImageObject\",\"inLanguage\":\"en-US\",\"@id\":\"https:\\\/\\\/comradespartenariat.com\\\/#\\\/schema\\\/logo\\\/image\\\/\",\"url\":\"https:\\\/\\\/comradespartenariat.com\\\/wp-content\\\/uploads\\\/2022\\\/09\\\/Medium-moyen.png\",\"contentUrl\":\"https:\\\/\\\/comradespartenariat.com\\\/wp-content\\\/uploads\\\/2022\\\/09\\\/Medium-moyen.png\",\"width\":860,\"height\":219,\"caption\":\"Communaut\u00e9 de recherche-action sur les droits \u00e9conomiques et sociaux\"},\"image\":{\"@id\":\"https:\\\/\\\/comradespartenariat.com\\\/#\\\/schema\\\/logo\\\/image\\\/\"},\"sameAs\":[\"https:\\\/\\\/www.facebook.com\\\/COMRADESul\"]}]}<\/script>\n<!-- \/ Yoast SEO plugin. -->","yoast_head_json":{"title":"Entre la fiction et le r\u00e9el : Regards crois\u00e9s sur les crises du logement et de l\u2019itin\u00e9rance - Communaut&eacute; de recherche-action sur les droits &eacute;conomiques et sociaux","description":"Entre la fiction et le r\u00e9el : Regards crois\u00e9s sur les crises du logement et de l\u2019itin\u00e9rance. Discussion autour du roman Peuple de verre, de Catherine Leroux","robots":{"index":"index","follow":"follow","max-snippet":"max-snippet:-1","max-image-preview":"max-image-preview:large","max-video-preview":"max-video-preview:-1"},"canonical":"https:\/\/comradespartenariat.com\/evenement\/discussion-peuple-de-verre-entre-la-fiction-et-le-reel\/","og_locale":"en_US","og_type":"article","og_title":"Entre la fiction et le r\u00e9el : Regards crois\u00e9s sur les crises du logement et de l\u2019itin\u00e9rance - Communaut&eacute; de recherche-action sur les droits &eacute;conomiques et sociaux","og_description":"Entre la fiction et le r\u00e9el : Regards crois\u00e9s sur les crises du logement et de l\u2019itin\u00e9rance. Discussion autour du roman Peuple de verre, de Catherine Leroux","og_url":"https:\/\/comradespartenariat.com\/evenement\/discussion-peuple-de-verre-entre-la-fiction-et-le-reel\/","og_site_name":"Communaut&eacute; de recherche-action sur les droits &eacute;conomiques et sociaux","article_publisher":"https:\/\/www.facebook.com\/COMRADESul","og_image":[{"width":1024,"height":573,"url":"https:\/\/comradespartenariat.com\/wp-content\/uploads\/2025\/03\/discussion-peuple-de-verre-CRDP-1024x573.png","type":"image\/png"}],"twitter_card":"summary_large_image","twitter_misc":{"Est. reading time":"1 minute"},"schema":{"@context":"https:\/\/schema.org","@graph":[{"@type":"WebPage","@id":"https:\/\/comradespartenariat.com\/evenement\/discussion-peuple-de-verre-entre-la-fiction-et-le-reel\/","url":"https:\/\/comradespartenariat.com\/evenement\/discussion-peuple-de-verre-entre-la-fiction-et-le-reel\/","name":"Entre la fiction et le r\u00e9el : Regards crois\u00e9s sur les crises du logement et de l\u2019itin\u00e9rance - Communaut&eacute; de recherche-action sur les droits &eacute;conomiques et sociaux","isPartOf":{"@id":"https:\/\/comradespartenariat.com\/#website"},"primaryImageOfPage":{"@id":"https:\/\/comradespartenariat.com\/evenement\/discussion-peuple-de-verre-entre-la-fiction-et-le-reel\/#primaryimage"},"image":{"@id":"https:\/\/comradespartenariat.com\/evenement\/discussion-peuple-de-verre-entre-la-fiction-et-le-reel\/#primaryimage"},"thumbnailUrl":"https:\/\/comradespartenariat.com\/wp-content\/uploads\/2025\/03\/discussion-peuple-de-verre-CRDP.png","datePublished":"2025-03-19T14:59:55+00:00","description":"Entre la fiction et le r\u00e9el : Regards crois\u00e9s sur les crises du logement et de l\u2019itin\u00e9rance. Discussion autour du roman Peuple de verre, de Catherine Leroux","breadcrumb":{"@id":"https:\/\/comradespartenariat.com\/evenement\/discussion-peuple-de-verre-entre-la-fiction-et-le-reel\/#breadcrumb"},"inLanguage":"en-US","potentialAction":[{"@type":"ReadAction","target":["https:\/\/comradespartenariat.com\/evenement\/discussion-peuple-de-verre-entre-la-fiction-et-le-reel\/"]}]},{"@type":"ImageObject","inLanguage":"en-US","@id":"https:\/\/comradespartenariat.com\/evenement\/discussion-peuple-de-verre-entre-la-fiction-et-le-reel\/#primaryimage","url":"https:\/\/comradespartenariat.com\/wp-content\/uploads\/2025\/03\/discussion-peuple-de-verre-CRDP.png","contentUrl":"https:\/\/comradespartenariat.com\/wp-content\/uploads\/2025\/03\/discussion-peuple-de-verre-CRDP.png","width":3158,"height":1768,"caption":"discussion peuple de verre CRDP"},{"@type":"BreadcrumbList","@id":"https:\/\/comradespartenariat.com\/evenement\/discussion-peuple-de-verre-entre-la-fiction-et-le-reel\/#breadcrumb","itemListElement":[{"@type":"ListItem","position":1,"name":"Accueil","item":"https:\/\/comradespartenariat.com\/en\/"},{"@type":"ListItem","position":2,"name":"Events","item":"https:\/\/comradespartenariat.com\/en\/event\/"},{"@type":"ListItem","position":3,"name":"Entre la fiction et le r\u00e9el : Regards crois\u00e9s sur les crises du logement et de l\u2019itin\u00e9rance"}]},{"@type":"WebSite","@id":"https:\/\/comradespartenariat.com\/#website","url":"https:\/\/comradespartenariat.com\/","name":"Communaut\u00e9 de recherche-action sur les droits \u00e9conomiques et sociaux","description":"COMMUNAUT&Eacute; DE RECHERCHE-ACTION SUR LES DROITS &Eacute;CONOMIQUES ET SOCIAUX","publisher":{"@id":"https:\/\/comradespartenariat.com\/#organization"},"potentialAction":[{"@type":"SearchAction","target":{"@type":"EntryPoint","urlTemplate":"https:\/\/comradespartenariat.com\/?s={search_term_string}"},"query-input":{"@type":"PropertyValueSpecification","valueRequired":true,"valueName":"search_term_string"}}],"inLanguage":"en-US"},{"@type":"Organization","@id":"https:\/\/comradespartenariat.com\/#organization","name":"Communaut\u00e9 de recherche-action sur les droits \u00e9conomiques et sociaux","url":"https:\/\/comradespartenariat.com\/","logo":{"@type":"ImageObject","inLanguage":"en-US","@id":"https:\/\/comradespartenariat.com\/#\/schema\/logo\/image\/","url":"https:\/\/comradespartenariat.com\/wp-content\/uploads\/2022\/09\/Medium-moyen.png","contentUrl":"https:\/\/comradespartenariat.com\/wp-content\/uploads\/2022\/09\/Medium-moyen.png","width":860,"height":219,"caption":"Communaut\u00e9 de recherche-action sur les droits \u00e9conomiques et sociaux"},"image":{"@id":"https:\/\/comradespartenariat.com\/#\/schema\/logo\/image\/"},"sameAs":["https:\/\/www.facebook.com\/COMRADESul"]}]}},"_links":{"self":[{"href":"https:\/\/comradespartenariat.com\/en\/wp-json\/wp\/v2\/tribe_events\/7897","targetHints":{"allow":["GET"]}}],"collection":[{"href":"https:\/\/comradespartenariat.com\/en\/wp-json\/wp\/v2\/tribe_events"}],"about":[{"href":"https:\/\/comradespartenariat.com\/en\/wp-json\/wp\/v2\/types\/tribe_events"}],"author":[{"embeddable":true,"href":"https:\/\/comradespartenariat.com\/en\/wp-json\/wp\/v2\/users\/3"}],"version-history":[{"count":0,"href":"https:\/\/comradespartenariat.com\/en\/wp-json\/wp\/v2\/tribe_events\/7897\/revisions"}],"wp:featuredmedia":[{"embeddable":true,"href":"https:\/\/comradespartenariat.com\/en\/wp-json\/wp\/v2\/media\/7893"}],"wp:attachment":[{"href":"https:\/\/comradespartenariat.com\/en\/wp-json\/wp\/v2\/media?parent=7897"}],"wp:term":[{"taxonomy":"post_tag","embeddable":true,"href":"https:\/\/comradespartenariat.com\/en\/wp-json\/wp\/v2\/tags?post=7897"},{"taxonomy":"tribe_events_cat","embeddable":true,"href":"https:\/\/comradespartenariat.com\/en\/wp-json\/wp\/v2\/tribe_events_cat?post=7897"}],"curies":[{"name":"wp","href":"https:\/\/api.w.org\/{rel}","templated":true}]}}