{"id":8014,"date":"2025-05-14T11:13:05","date_gmt":"2025-05-14T16:13:05","guid":{"rendered":"https:\/\/comradespartenariat.com\/evenement\/conference-justiciabilite-des-droits-economiques-et-sociaux-apprendre-du-contentieux-climatique-et-des-droits-des-generations-futures\/"},"modified":"2025-05-14T11:13:05","modified_gmt":"2025-05-14T16:13:05","slug":"conference-justiciabilite-des-droits-economiques-et-sociaux-apprendre-du-contentieux-climatique-et-des-droits-des-generations-futures","status":"publish","type":"tribe_events","link":"https:\/\/comradespartenariat.com\/en\/evenement\/conference-justiciabilite-des-droits-economiques-et-sociaux-apprendre-du-contentieux-climatique-et-des-droits-des-generations-futures\/","title":{"rendered":"Conf\u00e9rence Justiciabilit\u00e9 des droits \u00e9conomiques et sociaux: apprendre du contentieux climatique et des droits des g\u00e9n\u00e9rations futures"},"content":{"rendered":"<h2 style=\"font-family: var( --e-global-typography-secondary-font-family ), Sans-serif; font-size: var( --e-global-typography-secondary-font-size ); line-height: var( --e-global-typography-secondary-line-height ); font-weight: var( --e-global-typography-secondary-font-weight ); text-transform: none; margin-top: 1.06em; margin-bottom: 0.77em;\">Conf\u00e9rence-midi \u00abJusticiabilit\u00e9 des droits \u00e9conomiques et sociaux: apprendre du contentieux climatique et des droits des g\u00e9n\u00e9rations futures\u00bb<\/h2>\n<section>\n<p class=\"p1\">COMRADES a le plaisir d&#8217;accueillir Paule Halley, S\u00e9bastien Sen\u00e9cal, Albert Lalonde et Camille Martini pour un webinaire explorant les enjeux actuels du contentieux climatique et des droits des g\u00e9n\u00e9rations futures :<\/p>\n<p><b>Paule Halley et S\u00e9bastien Sen\u00e9cal<\/b><br \/>\nSelon la recension effectu\u00e9e par le Sabin Center for Climate Change Law, le contentieux climatique se d\u00e9veloppe au Canada. Pour illustrer l\u2019\u00e9volution r\u00e9cente de ce contentieux, nous mettrons en \u00e9vidence la mani\u00e8re dont les droits fondamentaux ont \u00e9t\u00e9 mobilis\u00e9s jusqu\u2019\u00e0 pr\u00e9sent dans les affaires La Rose c. Canada et Mathur c. Ontario.   <\/p>\n<p><b>Albert Lalonde<\/b><br \/>\nPartout, la justiciabilit\u00e9 des litiges climatiques men\u00e9s par les jeunes suscite des objections nourries au motif de leur caract\u00e8re \u00abtrop politiques et trop complexe\u00bb. Or, qu&#8217;en est-il de l&#8217;\u00c9tat de droit si les protections constitutionnelles les plus fondamentales sont d\u00e9clar\u00e9es caduques face \u00e0 une crise existentielle sans pr\u00e9c\u00e9dent causant des pr\u00e9judices profonds du fait direct des actions et omissions des gouvernements? Avec pour point de d\u00e9part son v\u00e9cu de plaignant\u00b7e dans l&#8217;affaire La Rose c. Sa Majest\u00e9 le Roi, Albert Lalonde analysera certains \u00e9l\u00e9ments de la m\u00e9canique judiciaire agissant comme barri\u00e8res structurelles aux litiges climatiques et partagera des avenues de droit nouveau pour inscrire les g\u00e9n\u00e9rations futures dans le droit positif au-del\u00e0 du symbolisme.   <\/p>\n<p><b>Camille Martini<\/b> \u00abLa mobilisation de l\u2019Accord de Paris dans le contentieux climatique national\u00bb<br \/>\nAvec l\u2019adoption de l\u2019Accord de Paris en 2015, la plupart des \u00c9tats de la plan\u00e8te se sont dot\u00e9s d\u2019objectifs chiffr\u00e9s de lutte contre les changements climatiques. Les requ\u00e9rants dans un nombre croissant de contentieux \u00e0 travers le monde se sont fond\u00e9s sur ces objectifs, invitant les tribunaux nationaux \u00e0 intervenir de plus en plus activement pour contr\u00f4ler, voire sanctionner, les actions et omissions des \u00c9tats et entreprises au regard de l\u2019urgence climatique. L\u2019intervention explorera l\u2019impact et les limites de ce recours au droit international du climat par les requ\u00e9rants dans les contentieux climatiques.  <\/p>\n<\/section>\n<div class=\"accordion ui-accordion ui-widget ui-helper-reset\" role=\"tablist\" data-once=\"acc\"><\/div>\n<p><span class=\"trx_addons_accent\"><strong>Plus d&#8217;information et lien d&#8217;inscription (gratuit) : <a href=\"https:\/\/www.fd.ulaval.ca\/evenements\/conference-midi-justiciabilite-des-droits-economiques-et-sociaux-apprendre-du-contentieux-climatique-et-des-droits-des-generations-futures\" target=\"_blank\" rel=\"noopener\">cliquez-ici <\/a> <\/strong><\/span><\/p>\n<p><em><small><a href=\"https:\/\/www.fd.ulaval.ca\/faculte\/repertoire-du-personnel\/paule-halley\">Paule Halley<\/a> est professeure titulaire \u00e0 la Facult\u00e9 de droit de l\u2019Universit\u00e9 Laval o\u00f9 elle enseigne le droit de l\u2019environnement. Elle est titulaire de la Chaire de recherche du Canada en droit de l\u2019environnement. La professeure Halley est l\u2019auteure de nombreux articles et ouvrages consacr\u00e9s au droit de l\u2019environnement et au d\u00e9veloppement durable et est fr\u00e9quemment invit\u00e9e \u00e0 participer \u00e0 des \u00e9v\u00e9nements sur les sc\u00e8nes nationale et internationale.  <\/small><\/em><\/p>\n<p><em><small>S\u00e9bastien Sen\u00e9cal est docteur en droit et charg\u00e9 de cours \u00e0 la Facult\u00e9 de droit l\u2019Universit\u00e9 Laval o\u00f9 il y enseigne en droits et libert\u00e9s de la personne et en droit administratif.<\/small><\/em><\/p>\n<p><em><small>Albert Lalonde milite pour le climat et la justice sociale et s\u2019engage dans diverses luttes populaires \u00e0 Tiohti\u00e0:ke\/Mooniyang et \u00e0 l&#8217;international. Iel est directeur(trice) de la recherche pour le Future Generations Tribunal, o\u00f9 iel travaille \u00e0 \u00e9tablir les droits collectifs des g\u00e9n\u00e9rations futures par le biais de d\u00e9lib\u00e9rations mondiales men\u00e9es par des enfants et des jeunes. Albert dirige des projets \u00e0 l&#8217;intersection de la justice climatique, de l&#8217;innovation juridique et des arts en tant que charg\u00e9(e) de projet pour le Labo conscience climatique de la Fondation David Suzuki. De 2019 \u00e0 2023, Albert a \u00e9t\u00e9 co-porte-parole et l&#8217;un(e) des organisateur(trices) principal(es) du mouvement \u00e9tudiant qu\u00e9b\u00e9cois pour la justice climatique. Iel est \u00e9galement plaignant(e) dans l&#8217;affaire La Rose c. Canada quant \u00e0 la responsabilit\u00e9 du gouvernement f\u00e9d\u00e9ral \u00e0 l&#8217;origine de la crise climatique.     <\/small><\/em><\/p>\n<p><em><small><a href=\"https:\/\/www.fd.ulaval.ca\/doctorants\/camille-martini\">Camille Martini <\/a>doctorant en cotutelle au sein des facult\u00e9s de droit de l\u2019Universit\u00e9 Laval et Aix-Marseille Universit\u00e9. Il est boursier Vanier 2023, r\u00e9cipiendaire de la bourse d\u2019excellence R\u00e9al-D\u00e9coste\/Ouranos du FRQNT, et membre du programme Th\u00e8ses de l\u2019Agence fran\u00e7aise pour la transition \u00e9cologique (ADEME). Avant de se d\u00e9dier \u00e0 temps plein \u00e0 ses recherches de doctorat, Camille a pratiqu\u00e9 le droit international comme avocat aux barreaux de New-York et de Paris. Il a \u00e9galement enseign\u00e9 le droit international de l\u2019environnement, le droit international et la politique internationale appliqu\u00e9e, et le droit international \u00e9conomique \u00e0 l\u2019Universit\u00e9 Laval, l\u2019Universit\u00e9 de Sherbrooke, et l\u2019\u00c9cole de droit de la Sorbonne. Il est membre du Centre d\u2019\u00c9tudes et de Recherches internationales et communautaires (CERIC) et de la Chaire de recherche du Canada en droit de l\u2019environnement de l\u2019Universit\u00e9 Laval.    <\/small><\/em><\/p>\n","protected":false},"excerpt":{"rendered":"<p>Webinaire sur la justiciabilit\u00e9 des droits \u00e9conomiques et sociaux, explorant les enjeux actuels du contentieux climatique et des droits des g\u00e9n\u00e9rations futures&#8230; <\/p>\n","protected":false},"author":3,"featured_media":8007,"template":"","meta":{"_eb_attr":"","_tribe_events_status":"","_tribe_events_status_reason":"","footnotes":""},"tags":[],"tribe_events_cat":[],"class_list":["post-8014","tribe_events","type-tribe_events","status-publish","has-post-thumbnail","hentry"],"yoast_head":"<!-- This site is optimized with the Yoast SEO plugin v27.5 - https:\/\/yoast.com\/product\/yoast-seo-wordpress\/ -->\n<title>Conf\u00e9rence Justiciabilit\u00e9 des droits \u00e9conomiques et sociaux: apprendre du contentieux climatique et des droits des g\u00e9n\u00e9rations futures - Communaut&eacute; de recherche-action sur les droits &eacute;conomiques et sociaux<\/title>\n<meta name=\"description\" content=\"Webinaire sur la justiciabilit\u00e9 des droits \u00e9conomiques et sociaux, explorant les enjeux actuels du contentieux climatique et des droits des g\u00e9n\u00e9rations futures...\" \/>\n<meta name=\"robots\" content=\"index, follow, max-snippet:-1, max-image-preview:large, max-video-preview:-1\" \/>\n<link rel=\"canonical\" href=\"https:\/\/comradespartenariat.com\/evenement\/conference-justiciabilite-droits-economiques-et-sociaux-contentieux-climatique\/\" \/>\n<meta property=\"og:locale\" content=\"en_US\" \/>\n<meta property=\"og:type\" content=\"article\" \/>\n<meta property=\"og:title\" content=\"Conf\u00e9rence Justiciabilit\u00e9 des droits \u00e9conomiques et sociaux: apprendre du contentieux climatique et des droits des g\u00e9n\u00e9rations futures - Communaut&eacute; de recherche-action sur les droits &eacute;conomiques et sociaux\" \/>\n<meta property=\"og:description\" content=\"Webinaire sur la justiciabilit\u00e9 des droits \u00e9conomiques et sociaux, explorant les enjeux actuels du contentieux climatique et des droits des g\u00e9n\u00e9rations futures...\" \/>\n<meta property=\"og:url\" content=\"https:\/\/comradespartenariat.com\/evenement\/conference-justiciabilite-droits-economiques-et-sociaux-contentieux-climatique\/\" \/>\n<meta property=\"og:site_name\" content=\"Communaut&eacute; de recherche-action sur les droits &eacute;conomiques et sociaux\" \/>\n<meta property=\"article:publisher\" content=\"https:\/\/www.facebook.com\/COMRADESul\" \/>\n<meta property=\"og:image\" content=\"https:\/\/comradespartenariat.com\/wp-content\/uploads\/2025\/05\/5-juin-climat.jpg\" \/>\n\t<meta property=\"og:image:width\" content=\"1920\" \/>\n\t<meta property=\"og:image:height\" content=\"1080\" \/>\n\t<meta property=\"og:image:type\" content=\"image\/jpeg\" \/>\n<meta name=\"twitter:card\" content=\"summary_large_image\" \/>\n<meta name=\"twitter:label1\" content=\"Est. reading time\" \/>\n\t<meta name=\"twitter:data1\" content=\"4 minutes\" \/>\n<script type=\"application\/ld+json\" class=\"yoast-schema-graph\">{\"@context\":\"https:\\\/\\\/schema.org\",\"@graph\":[{\"@type\":\"WebPage\",\"@id\":\"https:\\\/\\\/comradespartenariat.com\\\/evenement\\\/conference-justiciabilite-droits-economiques-et-sociaux-contentieux-climatique\\\/\",\"url\":\"https:\\\/\\\/comradespartenariat.com\\\/evenement\\\/conference-justiciabilite-droits-economiques-et-sociaux-contentieux-climatique\\\/\",\"name\":\"Conf\u00e9rence Justiciabilit\u00e9 des droits \u00e9conomiques et sociaux: apprendre du contentieux climatique et des droits des g\u00e9n\u00e9rations futures - Communaut&eacute; de recherche-action sur les droits &eacute;conomiques et sociaux\",\"isPartOf\":{\"@id\":\"https:\\\/\\\/comradespartenariat.com\\\/#website\"},\"primaryImageOfPage\":{\"@id\":\"https:\\\/\\\/comradespartenariat.com\\\/evenement\\\/conference-justiciabilite-droits-economiques-et-sociaux-contentieux-climatique\\\/#primaryimage\"},\"image\":{\"@id\":\"https:\\\/\\\/comradespartenariat.com\\\/evenement\\\/conference-justiciabilite-droits-economiques-et-sociaux-contentieux-climatique\\\/#primaryimage\"},\"thumbnailUrl\":\"https:\\\/\\\/comradespartenariat.com\\\/wp-content\\\/uploads\\\/2025\\\/05\\\/5-juin-climat.jpg\",\"datePublished\":\"2025-05-14T16:13:05+00:00\",\"description\":\"Webinaire sur la justiciabilit\u00e9 des droits \u00e9conomiques et sociaux, explorant les enjeux actuels du contentieux climatique et des droits des g\u00e9n\u00e9rations futures...\",\"breadcrumb\":{\"@id\":\"https:\\\/\\\/comradespartenariat.com\\\/evenement\\\/conference-justiciabilite-droits-economiques-et-sociaux-contentieux-climatique\\\/#breadcrumb\"},\"inLanguage\":\"en-US\",\"potentialAction\":[{\"@type\":\"ReadAction\",\"target\":[\"https:\\\/\\\/comradespartenariat.com\\\/evenement\\\/conference-justiciabilite-droits-economiques-et-sociaux-contentieux-climatique\\\/\"]}]},{\"@type\":\"ImageObject\",\"inLanguage\":\"en-US\",\"@id\":\"https:\\\/\\\/comradespartenariat.com\\\/evenement\\\/conference-justiciabilite-droits-economiques-et-sociaux-contentieux-climatique\\\/#primaryimage\",\"url\":\"https:\\\/\\\/comradespartenariat.com\\\/wp-content\\\/uploads\\\/2025\\\/05\\\/5-juin-climat.jpg\",\"contentUrl\":\"https:\\\/\\\/comradespartenariat.com\\\/wp-content\\\/uploads\\\/2025\\\/05\\\/5-juin-climat.jpg\",\"width\":1920,\"height\":1080,\"caption\":\"Contentieux climatique et DES\"},{\"@type\":\"BreadcrumbList\",\"@id\":\"https:\\\/\\\/comradespartenariat.com\\\/evenement\\\/conference-justiciabilite-droits-economiques-et-sociaux-contentieux-climatique\\\/#breadcrumb\",\"itemListElement\":[{\"@type\":\"ListItem\",\"position\":1,\"name\":\"Accueil\",\"item\":\"https:\\\/\\\/comradespartenariat.com\\\/en\\\/\"},{\"@type\":\"ListItem\",\"position\":2,\"name\":\"Events\",\"item\":\"https:\\\/\\\/comradespartenariat.com\\\/en\\\/event\\\/\"},{\"@type\":\"ListItem\",\"position\":3,\"name\":\"Conf\u00e9rence Justiciabilit\u00e9 des droits \u00e9conomiques et sociaux: apprendre du contentieux climatique et des droits des g\u00e9n\u00e9rations futures\"}]},{\"@type\":\"WebSite\",\"@id\":\"https:\\\/\\\/comradespartenariat.com\\\/#website\",\"url\":\"https:\\\/\\\/comradespartenariat.com\\\/\",\"name\":\"Communaut\u00e9 de recherche-action sur les droits \u00e9conomiques et sociaux\",\"description\":\"COMMUNAUT&Eacute; DE RECHERCHE-ACTION SUR LES DROITS &Eacute;CONOMIQUES ET SOCIAUX\",\"publisher\":{\"@id\":\"https:\\\/\\\/comradespartenariat.com\\\/#organization\"},\"potentialAction\":[{\"@type\":\"SearchAction\",\"target\":{\"@type\":\"EntryPoint\",\"urlTemplate\":\"https:\\\/\\\/comradespartenariat.com\\\/?s={search_term_string}\"},\"query-input\":{\"@type\":\"PropertyValueSpecification\",\"valueRequired\":true,\"valueName\":\"search_term_string\"}}],\"inLanguage\":\"en-US\"},{\"@type\":\"Organization\",\"@id\":\"https:\\\/\\\/comradespartenariat.com\\\/#organization\",\"name\":\"Communaut\u00e9 de recherche-action sur les droits \u00e9conomiques et sociaux\",\"url\":\"https:\\\/\\\/comradespartenariat.com\\\/\",\"logo\":{\"@type\":\"ImageObject\",\"inLanguage\":\"en-US\",\"@id\":\"https:\\\/\\\/comradespartenariat.com\\\/#\\\/schema\\\/logo\\\/image\\\/\",\"url\":\"https:\\\/\\\/comradespartenariat.com\\\/wp-content\\\/uploads\\\/2022\\\/09\\\/Medium-moyen.png\",\"contentUrl\":\"https:\\\/\\\/comradespartenariat.com\\\/wp-content\\\/uploads\\\/2022\\\/09\\\/Medium-moyen.png\",\"width\":860,\"height\":219,\"caption\":\"Communaut\u00e9 de recherche-action sur les droits \u00e9conomiques et sociaux\"},\"image\":{\"@id\":\"https:\\\/\\\/comradespartenariat.com\\\/#\\\/schema\\\/logo\\\/image\\\/\"},\"sameAs\":[\"https:\\\/\\\/www.facebook.com\\\/COMRADESul\"]}]}<\/script>\n<!-- \/ Yoast SEO plugin. -->","yoast_head_json":{"title":"Conf\u00e9rence Justiciabilit\u00e9 des droits \u00e9conomiques et sociaux: apprendre du contentieux climatique et des droits des g\u00e9n\u00e9rations futures - Communaut&eacute; de recherche-action sur les droits &eacute;conomiques et sociaux","description":"Webinaire sur la justiciabilit\u00e9 des droits \u00e9conomiques et sociaux, explorant les enjeux actuels du contentieux climatique et des droits des g\u00e9n\u00e9rations futures...","robots":{"index":"index","follow":"follow","max-snippet":"max-snippet:-1","max-image-preview":"max-image-preview:large","max-video-preview":"max-video-preview:-1"},"canonical":"https:\/\/comradespartenariat.com\/evenement\/conference-justiciabilite-droits-economiques-et-sociaux-contentieux-climatique\/","og_locale":"en_US","og_type":"article","og_title":"Conf\u00e9rence Justiciabilit\u00e9 des droits \u00e9conomiques et sociaux: apprendre du contentieux climatique et des droits des g\u00e9n\u00e9rations futures - Communaut&eacute; de recherche-action sur les droits &eacute;conomiques et sociaux","og_description":"Webinaire sur la justiciabilit\u00e9 des droits \u00e9conomiques et sociaux, explorant les enjeux actuels du contentieux climatique et des droits des g\u00e9n\u00e9rations futures...","og_url":"https:\/\/comradespartenariat.com\/evenement\/conference-justiciabilite-droits-economiques-et-sociaux-contentieux-climatique\/","og_site_name":"Communaut&eacute; de recherche-action sur les droits &eacute;conomiques et sociaux","article_publisher":"https:\/\/www.facebook.com\/COMRADESul","og_image":[{"width":1920,"height":1080,"url":"https:\/\/comradespartenariat.com\/wp-content\/uploads\/2025\/05\/5-juin-climat.jpg","type":"image\/jpeg"}],"twitter_card":"summary_large_image","twitter_misc":{"Est. reading time":"4 minutes"},"schema":{"@context":"https:\/\/schema.org","@graph":[{"@type":"WebPage","@id":"https:\/\/comradespartenariat.com\/evenement\/conference-justiciabilite-droits-economiques-et-sociaux-contentieux-climatique\/","url":"https:\/\/comradespartenariat.com\/evenement\/conference-justiciabilite-droits-economiques-et-sociaux-contentieux-climatique\/","name":"Conf\u00e9rence Justiciabilit\u00e9 des droits \u00e9conomiques et sociaux: apprendre du contentieux climatique et des droits des g\u00e9n\u00e9rations futures - Communaut&eacute; de recherche-action sur les droits &eacute;conomiques et sociaux","isPartOf":{"@id":"https:\/\/comradespartenariat.com\/#website"},"primaryImageOfPage":{"@id":"https:\/\/comradespartenariat.com\/evenement\/conference-justiciabilite-droits-economiques-et-sociaux-contentieux-climatique\/#primaryimage"},"image":{"@id":"https:\/\/comradespartenariat.com\/evenement\/conference-justiciabilite-droits-economiques-et-sociaux-contentieux-climatique\/#primaryimage"},"thumbnailUrl":"https:\/\/comradespartenariat.com\/wp-content\/uploads\/2025\/05\/5-juin-climat.jpg","datePublished":"2025-05-14T16:13:05+00:00","description":"Webinaire sur la justiciabilit\u00e9 des droits \u00e9conomiques et sociaux, explorant les enjeux actuels du contentieux climatique et des droits des g\u00e9n\u00e9rations futures...","breadcrumb":{"@id":"https:\/\/comradespartenariat.com\/evenement\/conference-justiciabilite-droits-economiques-et-sociaux-contentieux-climatique\/#breadcrumb"},"inLanguage":"en-US","potentialAction":[{"@type":"ReadAction","target":["https:\/\/comradespartenariat.com\/evenement\/conference-justiciabilite-droits-economiques-et-sociaux-contentieux-climatique\/"]}]},{"@type":"ImageObject","inLanguage":"en-US","@id":"https:\/\/comradespartenariat.com\/evenement\/conference-justiciabilite-droits-economiques-et-sociaux-contentieux-climatique\/#primaryimage","url":"https:\/\/comradespartenariat.com\/wp-content\/uploads\/2025\/05\/5-juin-climat.jpg","contentUrl":"https:\/\/comradespartenariat.com\/wp-content\/uploads\/2025\/05\/5-juin-climat.jpg","width":1920,"height":1080,"caption":"Contentieux climatique et DES"},{"@type":"BreadcrumbList","@id":"https:\/\/comradespartenariat.com\/evenement\/conference-justiciabilite-droits-economiques-et-sociaux-contentieux-climatique\/#breadcrumb","itemListElement":[{"@type":"ListItem","position":1,"name":"Accueil","item":"https:\/\/comradespartenariat.com\/en\/"},{"@type":"ListItem","position":2,"name":"Events","item":"https:\/\/comradespartenariat.com\/en\/event\/"},{"@type":"ListItem","position":3,"name":"Conf\u00e9rence Justiciabilit\u00e9 des droits \u00e9conomiques et sociaux: apprendre du contentieux climatique et des droits des g\u00e9n\u00e9rations futures"}]},{"@type":"WebSite","@id":"https:\/\/comradespartenariat.com\/#website","url":"https:\/\/comradespartenariat.com\/","name":"Communaut\u00e9 de recherche-action sur les droits \u00e9conomiques et sociaux","description":"COMMUNAUT&Eacute; DE RECHERCHE-ACTION SUR LES DROITS &Eacute;CONOMIQUES ET SOCIAUX","publisher":{"@id":"https:\/\/comradespartenariat.com\/#organization"},"potentialAction":[{"@type":"SearchAction","target":{"@type":"EntryPoint","urlTemplate":"https:\/\/comradespartenariat.com\/?s={search_term_string}"},"query-input":{"@type":"PropertyValueSpecification","valueRequired":true,"valueName":"search_term_string"}}],"inLanguage":"en-US"},{"@type":"Organization","@id":"https:\/\/comradespartenariat.com\/#organization","name":"Communaut\u00e9 de recherche-action sur les droits \u00e9conomiques et sociaux","url":"https:\/\/comradespartenariat.com\/","logo":{"@type":"ImageObject","inLanguage":"en-US","@id":"https:\/\/comradespartenariat.com\/#\/schema\/logo\/image\/","url":"https:\/\/comradespartenariat.com\/wp-content\/uploads\/2022\/09\/Medium-moyen.png","contentUrl":"https:\/\/comradespartenariat.com\/wp-content\/uploads\/2022\/09\/Medium-moyen.png","width":860,"height":219,"caption":"Communaut\u00e9 de recherche-action sur les droits \u00e9conomiques et sociaux"},"image":{"@id":"https:\/\/comradespartenariat.com\/#\/schema\/logo\/image\/"},"sameAs":["https:\/\/www.facebook.com\/COMRADESul"]}]}},"_links":{"self":[{"href":"https:\/\/comradespartenariat.com\/en\/wp-json\/wp\/v2\/tribe_events\/8014","targetHints":{"allow":["GET"]}}],"collection":[{"href":"https:\/\/comradespartenariat.com\/en\/wp-json\/wp\/v2\/tribe_events"}],"about":[{"href":"https:\/\/comradespartenariat.com\/en\/wp-json\/wp\/v2\/types\/tribe_events"}],"author":[{"embeddable":true,"href":"https:\/\/comradespartenariat.com\/en\/wp-json\/wp\/v2\/users\/3"}],"version-history":[{"count":0,"href":"https:\/\/comradespartenariat.com\/en\/wp-json\/wp\/v2\/tribe_events\/8014\/revisions"}],"wp:featuredmedia":[{"embeddable":true,"href":"https:\/\/comradespartenariat.com\/en\/wp-json\/wp\/v2\/media\/8007"}],"wp:attachment":[{"href":"https:\/\/comradespartenariat.com\/en\/wp-json\/wp\/v2\/media?parent=8014"}],"wp:term":[{"taxonomy":"post_tag","embeddable":true,"href":"https:\/\/comradespartenariat.com\/en\/wp-json\/wp\/v2\/tags?post=8014"},{"taxonomy":"tribe_events_cat","embeddable":true,"href":"https:\/\/comradespartenariat.com\/en\/wp-json\/wp\/v2\/tribe_events_cat?post=8014"}],"curies":[{"name":"wp","href":"https:\/\/api.w.org\/{rel}","templated":true}]}}