{"id":8028,"date":"2025-05-20T12:56:29","date_gmt":"2025-05-20T17:56:29","guid":{"rendered":"https:\/\/comradespartenariat.com\/evenement\/lancement-de-revue-reconstruire-ledifice-des-droits-humains\/"},"modified":"2025-05-20T12:58:54","modified_gmt":"2025-05-20T17:58:54","slug":"lancement-de-revue-reconstruire-ledifice-des-droits-humains","status":"publish","type":"tribe_events","link":"https:\/\/comradespartenariat.com\/en\/evenement\/lancement-de-revue-reconstruire-ledifice-des-droits-humains\/","title":{"rendered":"Lancement de revue: (Re)construire l&#8217;\u00e9difice des droits humains"},"content":{"rendered":"<h3><span class=\"trx_addons_dark\">Lancement de revue <span lang=\"FR-CA\">\u00ab<\/span><\/span>(Re)construire l&#8217;\u00e9difice des droits humains<span class=\"trx_addons_dark\"><span lang=\"FR-CA\">\u00bb<\/span><\/span><\/h3>\n<p><a href=\"https:\/\/portail.liguedesdroits.ca\/fr\/evenement\/detail\/lancement-droits-et-libertes-lundi-2-juin-2025\/69577\" target=\"_blank\" rel=\"noopener\"><span style=\"color: #1d1d1d;\"><b>Lien d&#8217;inscription <\/b><\/span><\/a><\/p>\n<p class=\"xdj266r x11i5rnm xat24cr x1mh8g0r x1vvkbs\">La Ligue des droits et libert\u00e9s lance son nouveau num\u00e9ro de <em>Droits et libert\u00e9s <\/em>dont le dossier est consacr\u00e9 au 50e anniversaire de l&#8217;adoption de la <em>Charte des droits et libert\u00e9s de la personne <\/em>du Qu\u00e9bec.<\/p>\n<p class=\"p1\">Programme<\/p>\n<p class=\"p1\">Le panel discutera des enjeux avec la Charte qu\u00e9b\u00e9coise et de ses institutions et abordera certaines perspectives militantes.<\/p>\n<p class=\"p1\">Du temps est pr\u00e9vu pour \u00e9changer avec le public et les pan\u00e9listes.<\/p>\n<p class=\"p1\">Pan\u00e9listes<br \/>\nMe Louis-Philippe Lampron, professeur titulaire, Facult\u00e9 de droit, Universit\u00e9 Laval<br \/>\nGenevi\u00e8ve Paul, directrice g\u00e9n\u00e9rale, Centre qu\u00e9b\u00e9cois du droit de l&#8217;environnement (CQDE)<br \/>\nMe Philippe-Andr\u00e9 Tessier, pr\u00e9sident de la Commission des droits de la personne et des droits de la jeunesse (CDPDJ)<br \/>\n4e pan\u00e9liste \u00e0 confirmer<\/p>\n<p class=\"p1\">Animation<br \/>\nLaurence Gu\u00e9nette, coordonnatrice, Ligue des droits et libert\u00e9s<\/p>\n","protected":false},"excerpt":{"rendered":"<p>La Ligue des droits et libert\u00e9s lance son nouveau num\u00e9ro de Droits et libert\u00e9s dont le dossier est consacr\u00e9 au 50e anniversaire de l&#8217;adoption de la Charte des droits et libert\u00e9s de la personne du Qu\u00e9bec&#8230;<\/p>\n","protected":false},"author":3,"featured_media":8025,"template":"","meta":{"_eb_attr":"","_tribe_events_status":"","_tribe_events_status_reason":"","footnotes":""},"tags":[],"tribe_events_cat":[],"class_list":["post-8028","tribe_events","type-tribe_events","status-publish","has-post-thumbnail","hentry"],"yoast_head":"<!-- This site is optimized with the Yoast SEO plugin v27.5 - https:\/\/yoast.com\/product\/yoast-seo-wordpress\/ -->\n<title>Lancement de revue: (Re)construire l&#039;\u00e9difice des droits humains - Communaut&eacute; de recherche-action sur les droits &eacute;conomiques et sociaux<\/title>\n<meta name=\"description\" content=\"La Ligue des droits et libert\u00e9s lance son nouveau num\u00e9ro de la revue Droits et libert\u00e9s consacr\u00e9 au 50e anniversaire de la Charte...\" \/>\n<meta name=\"robots\" content=\"index, follow, max-snippet:-1, max-image-preview:large, max-video-preview:-1\" \/>\n<link rel=\"canonical\" href=\"https:\/\/comradespartenariat.com\/evenement\/lancement-de-revue-construire-edifice-des-droits-humains\/\" \/>\n<meta property=\"og:locale\" content=\"en_US\" \/>\n<meta property=\"og:type\" content=\"article\" \/>\n<meta property=\"og:title\" content=\"Lancement de revue: (Re)construire l&#039;\u00e9difice des droits humains - Communaut&eacute; de recherche-action sur les droits &eacute;conomiques et sociaux\" \/>\n<meta property=\"og:description\" content=\"La Ligue des droits et libert\u00e9s lance son nouveau num\u00e9ro de la revue Droits et libert\u00e9s consacr\u00e9 au 50e anniversaire de la Charte...\" \/>\n<meta property=\"og:url\" content=\"https:\/\/comradespartenariat.com\/evenement\/lancement-de-revue-construire-edifice-des-droits-humains\/\" \/>\n<meta property=\"og:site_name\" content=\"Communaut&eacute; de recherche-action sur les droits &eacute;conomiques et sociaux\" \/>\n<meta property=\"article:publisher\" content=\"https:\/\/www.facebook.com\/COMRADESul\" \/>\n<meta property=\"article:modified_time\" content=\"2025-05-20T17:58:54+00:00\" \/>\n<meta property=\"og:image\" content=\"https:\/\/comradespartenariat.com\/wp-content\/uploads\/2025\/05\/revue-droits-et-libertes-50e.png\" \/>\n\t<meta property=\"og:image:width\" content=\"722\" \/>\n\t<meta property=\"og:image:height\" content=\"714\" \/>\n\t<meta property=\"og:image:type\" content=\"image\/png\" \/>\n<meta name=\"twitter:card\" content=\"summary_large_image\" \/>\n<meta name=\"twitter:label1\" content=\"Est. reading time\" \/>\n\t<meta name=\"twitter:data1\" content=\"1 minute\" \/>\n<script type=\"application\/ld+json\" class=\"yoast-schema-graph\">{\"@context\":\"https:\\\/\\\/schema.org\",\"@graph\":[{\"@type\":\"WebPage\",\"@id\":\"https:\\\/\\\/comradespartenariat.com\\\/evenement\\\/lancement-de-revue-construire-edifice-des-droits-humains\\\/\",\"url\":\"https:\\\/\\\/comradespartenariat.com\\\/evenement\\\/lancement-de-revue-construire-edifice-des-droits-humains\\\/\",\"name\":\"Lancement de revue: (Re)construire l'\u00e9difice des droits humains - Communaut&eacute; de recherche-action sur les droits &eacute;conomiques et sociaux\",\"isPartOf\":{\"@id\":\"https:\\\/\\\/comradespartenariat.com\\\/#website\"},\"primaryImageOfPage\":{\"@id\":\"https:\\\/\\\/comradespartenariat.com\\\/evenement\\\/lancement-de-revue-construire-edifice-des-droits-humains\\\/#primaryimage\"},\"image\":{\"@id\":\"https:\\\/\\\/comradespartenariat.com\\\/evenement\\\/lancement-de-revue-construire-edifice-des-droits-humains\\\/#primaryimage\"},\"thumbnailUrl\":\"https:\\\/\\\/comradespartenariat.com\\\/wp-content\\\/uploads\\\/2025\\\/05\\\/revue-droits-et-libertes-50e.png\",\"datePublished\":\"2025-05-20T17:56:29+00:00\",\"dateModified\":\"2025-05-20T17:58:54+00:00\",\"description\":\"La Ligue des droits et libert\u00e9s lance son nouveau num\u00e9ro de la revue Droits et libert\u00e9s consacr\u00e9 au 50e anniversaire de la Charte...\",\"breadcrumb\":{\"@id\":\"https:\\\/\\\/comradespartenariat.com\\\/evenement\\\/lancement-de-revue-construire-edifice-des-droits-humains\\\/#breadcrumb\"},\"inLanguage\":\"en-US\",\"potentialAction\":[{\"@type\":\"ReadAction\",\"target\":[\"https:\\\/\\\/comradespartenariat.com\\\/evenement\\\/lancement-de-revue-construire-edifice-des-droits-humains\\\/\"]}]},{\"@type\":\"ImageObject\",\"inLanguage\":\"en-US\",\"@id\":\"https:\\\/\\\/comradespartenariat.com\\\/evenement\\\/lancement-de-revue-construire-edifice-des-droits-humains\\\/#primaryimage\",\"url\":\"https:\\\/\\\/comradespartenariat.com\\\/wp-content\\\/uploads\\\/2025\\\/05\\\/revue-droits-et-libertes-50e.png\",\"contentUrl\":\"https:\\\/\\\/comradespartenariat.com\\\/wp-content\\\/uploads\\\/2025\\\/05\\\/revue-droits-et-libertes-50e.png\",\"width\":722,\"height\":714,\"caption\":\"revue droits et liberte\u0301s 50e\"},{\"@type\":\"BreadcrumbList\",\"@id\":\"https:\\\/\\\/comradespartenariat.com\\\/evenement\\\/lancement-de-revue-construire-edifice-des-droits-humains\\\/#breadcrumb\",\"itemListElement\":[{\"@type\":\"ListItem\",\"position\":1,\"name\":\"Accueil\",\"item\":\"https:\\\/\\\/comradespartenariat.com\\\/en\\\/\"},{\"@type\":\"ListItem\",\"position\":2,\"name\":\"Events\",\"item\":\"https:\\\/\\\/comradespartenariat.com\\\/en\\\/event\\\/\"},{\"@type\":\"ListItem\",\"position\":3,\"name\":\"Lancement de revue: (Re)construire l&rsquo;\u00e9difice des droits humains\"}]},{\"@type\":\"WebSite\",\"@id\":\"https:\\\/\\\/comradespartenariat.com\\\/#website\",\"url\":\"https:\\\/\\\/comradespartenariat.com\\\/\",\"name\":\"Communaut\u00e9 de recherche-action sur les droits \u00e9conomiques et sociaux\",\"description\":\"COMMUNAUT&Eacute; DE RECHERCHE-ACTION SUR LES DROITS &Eacute;CONOMIQUES ET SOCIAUX\",\"publisher\":{\"@id\":\"https:\\\/\\\/comradespartenariat.com\\\/#organization\"},\"potentialAction\":[{\"@type\":\"SearchAction\",\"target\":{\"@type\":\"EntryPoint\",\"urlTemplate\":\"https:\\\/\\\/comradespartenariat.com\\\/?s={search_term_string}\"},\"query-input\":{\"@type\":\"PropertyValueSpecification\",\"valueRequired\":true,\"valueName\":\"search_term_string\"}}],\"inLanguage\":\"en-US\"},{\"@type\":\"Organization\",\"@id\":\"https:\\\/\\\/comradespartenariat.com\\\/#organization\",\"name\":\"Communaut\u00e9 de recherche-action sur les droits \u00e9conomiques et sociaux\",\"url\":\"https:\\\/\\\/comradespartenariat.com\\\/\",\"logo\":{\"@type\":\"ImageObject\",\"inLanguage\":\"en-US\",\"@id\":\"https:\\\/\\\/comradespartenariat.com\\\/#\\\/schema\\\/logo\\\/image\\\/\",\"url\":\"https:\\\/\\\/comradespartenariat.com\\\/wp-content\\\/uploads\\\/2022\\\/09\\\/Medium-moyen.png\",\"contentUrl\":\"https:\\\/\\\/comradespartenariat.com\\\/wp-content\\\/uploads\\\/2022\\\/09\\\/Medium-moyen.png\",\"width\":860,\"height\":219,\"caption\":\"Communaut\u00e9 de recherche-action sur les droits \u00e9conomiques et sociaux\"},\"image\":{\"@id\":\"https:\\\/\\\/comradespartenariat.com\\\/#\\\/schema\\\/logo\\\/image\\\/\"},\"sameAs\":[\"https:\\\/\\\/www.facebook.com\\\/COMRADESul\"]}]}<\/script>\n<!-- \/ Yoast SEO plugin. -->","yoast_head_json":{"title":"Lancement de revue: (Re)construire l'\u00e9difice des droits humains - Communaut&eacute; de recherche-action sur les droits &eacute;conomiques et sociaux","description":"La Ligue des droits et libert\u00e9s lance son nouveau num\u00e9ro de la revue Droits et libert\u00e9s consacr\u00e9 au 50e anniversaire de la Charte...","robots":{"index":"index","follow":"follow","max-snippet":"max-snippet:-1","max-image-preview":"max-image-preview:large","max-video-preview":"max-video-preview:-1"},"canonical":"https:\/\/comradespartenariat.com\/evenement\/lancement-de-revue-construire-edifice-des-droits-humains\/","og_locale":"en_US","og_type":"article","og_title":"Lancement de revue: (Re)construire l'\u00e9difice des droits humains - Communaut&eacute; de recherche-action sur les droits &eacute;conomiques et sociaux","og_description":"La Ligue des droits et libert\u00e9s lance son nouveau num\u00e9ro de la revue Droits et libert\u00e9s consacr\u00e9 au 50e anniversaire de la Charte...","og_url":"https:\/\/comradespartenariat.com\/evenement\/lancement-de-revue-construire-edifice-des-droits-humains\/","og_site_name":"Communaut&eacute; de recherche-action sur les droits &eacute;conomiques et sociaux","article_publisher":"https:\/\/www.facebook.com\/COMRADESul","article_modified_time":"2025-05-20T17:58:54+00:00","og_image":[{"width":722,"height":714,"url":"https:\/\/comradespartenariat.com\/wp-content\/uploads\/2025\/05\/revue-droits-et-libertes-50e.png","type":"image\/png"}],"twitter_card":"summary_large_image","twitter_misc":{"Est. reading time":"1 minute"},"schema":{"@context":"https:\/\/schema.org","@graph":[{"@type":"WebPage","@id":"https:\/\/comradespartenariat.com\/evenement\/lancement-de-revue-construire-edifice-des-droits-humains\/","url":"https:\/\/comradespartenariat.com\/evenement\/lancement-de-revue-construire-edifice-des-droits-humains\/","name":"Lancement de revue: (Re)construire l'\u00e9difice des droits humains - Communaut&eacute; de recherche-action sur les droits &eacute;conomiques et sociaux","isPartOf":{"@id":"https:\/\/comradespartenariat.com\/#website"},"primaryImageOfPage":{"@id":"https:\/\/comradespartenariat.com\/evenement\/lancement-de-revue-construire-edifice-des-droits-humains\/#primaryimage"},"image":{"@id":"https:\/\/comradespartenariat.com\/evenement\/lancement-de-revue-construire-edifice-des-droits-humains\/#primaryimage"},"thumbnailUrl":"https:\/\/comradespartenariat.com\/wp-content\/uploads\/2025\/05\/revue-droits-et-libertes-50e.png","datePublished":"2025-05-20T17:56:29+00:00","dateModified":"2025-05-20T17:58:54+00:00","description":"La Ligue des droits et libert\u00e9s lance son nouveau num\u00e9ro de la revue Droits et libert\u00e9s consacr\u00e9 au 50e anniversaire de la Charte...","breadcrumb":{"@id":"https:\/\/comradespartenariat.com\/evenement\/lancement-de-revue-construire-edifice-des-droits-humains\/#breadcrumb"},"inLanguage":"en-US","potentialAction":[{"@type":"ReadAction","target":["https:\/\/comradespartenariat.com\/evenement\/lancement-de-revue-construire-edifice-des-droits-humains\/"]}]},{"@type":"ImageObject","inLanguage":"en-US","@id":"https:\/\/comradespartenariat.com\/evenement\/lancement-de-revue-construire-edifice-des-droits-humains\/#primaryimage","url":"https:\/\/comradespartenariat.com\/wp-content\/uploads\/2025\/05\/revue-droits-et-libertes-50e.png","contentUrl":"https:\/\/comradespartenariat.com\/wp-content\/uploads\/2025\/05\/revue-droits-et-libertes-50e.png","width":722,"height":714,"caption":"revue droits et liberte\u0301s 50e"},{"@type":"BreadcrumbList","@id":"https:\/\/comradespartenariat.com\/evenement\/lancement-de-revue-construire-edifice-des-droits-humains\/#breadcrumb","itemListElement":[{"@type":"ListItem","position":1,"name":"Accueil","item":"https:\/\/comradespartenariat.com\/en\/"},{"@type":"ListItem","position":2,"name":"Events","item":"https:\/\/comradespartenariat.com\/en\/event\/"},{"@type":"ListItem","position":3,"name":"Lancement de revue: (Re)construire l&rsquo;\u00e9difice des droits humains"}]},{"@type":"WebSite","@id":"https:\/\/comradespartenariat.com\/#website","url":"https:\/\/comradespartenariat.com\/","name":"Communaut\u00e9 de recherche-action sur les droits \u00e9conomiques et sociaux","description":"COMMUNAUT&Eacute; DE RECHERCHE-ACTION SUR LES DROITS &Eacute;CONOMIQUES ET SOCIAUX","publisher":{"@id":"https:\/\/comradespartenariat.com\/#organization"},"potentialAction":[{"@type":"SearchAction","target":{"@type":"EntryPoint","urlTemplate":"https:\/\/comradespartenariat.com\/?s={search_term_string}"},"query-input":{"@type":"PropertyValueSpecification","valueRequired":true,"valueName":"search_term_string"}}],"inLanguage":"en-US"},{"@type":"Organization","@id":"https:\/\/comradespartenariat.com\/#organization","name":"Communaut\u00e9 de recherche-action sur les droits \u00e9conomiques et sociaux","url":"https:\/\/comradespartenariat.com\/","logo":{"@type":"ImageObject","inLanguage":"en-US","@id":"https:\/\/comradespartenariat.com\/#\/schema\/logo\/image\/","url":"https:\/\/comradespartenariat.com\/wp-content\/uploads\/2022\/09\/Medium-moyen.png","contentUrl":"https:\/\/comradespartenariat.com\/wp-content\/uploads\/2022\/09\/Medium-moyen.png","width":860,"height":219,"caption":"Communaut\u00e9 de recherche-action sur les droits \u00e9conomiques et sociaux"},"image":{"@id":"https:\/\/comradespartenariat.com\/#\/schema\/logo\/image\/"},"sameAs":["https:\/\/www.facebook.com\/COMRADESul"]}]}},"_links":{"self":[{"href":"https:\/\/comradespartenariat.com\/en\/wp-json\/wp\/v2\/tribe_events\/8028","targetHints":{"allow":["GET"]}}],"collection":[{"href":"https:\/\/comradespartenariat.com\/en\/wp-json\/wp\/v2\/tribe_events"}],"about":[{"href":"https:\/\/comradespartenariat.com\/en\/wp-json\/wp\/v2\/types\/tribe_events"}],"author":[{"embeddable":true,"href":"https:\/\/comradespartenariat.com\/en\/wp-json\/wp\/v2\/users\/3"}],"version-history":[{"count":1,"href":"https:\/\/comradespartenariat.com\/en\/wp-json\/wp\/v2\/tribe_events\/8028\/revisions"}],"predecessor-version":[{"id":8029,"href":"https:\/\/comradespartenariat.com\/en\/wp-json\/wp\/v2\/tribe_events\/8028\/revisions\/8029"}],"wp:featuredmedia":[{"embeddable":true,"href":"https:\/\/comradespartenariat.com\/en\/wp-json\/wp\/v2\/media\/8025"}],"wp:attachment":[{"href":"https:\/\/comradespartenariat.com\/en\/wp-json\/wp\/v2\/media?parent=8028"}],"wp:term":[{"taxonomy":"post_tag","embeddable":true,"href":"https:\/\/comradespartenariat.com\/en\/wp-json\/wp\/v2\/tags?post=8028"},{"taxonomy":"tribe_events_cat","embeddable":true,"href":"https:\/\/comradespartenariat.com\/en\/wp-json\/wp\/v2\/tribe_events_cat?post=8028"}],"curies":[{"name":"wp","href":"https:\/\/api.w.org\/{rel}","templated":true}]}}