{"id":8131,"date":"2025-08-27T11:36:46","date_gmt":"2025-08-27T16:36:46","guid":{"rendered":"https:\/\/comradespartenariat.com\/evenement\/conference-le-droit-a-lalimentation-au-quebec-survol-et-perspectives-davenir\/"},"modified":"2025-08-29T16:14:47","modified_gmt":"2025-08-29T21:14:47","slug":"conference-le-droit-a-lalimentation-au-quebec-survol-et-perspectives-davenir","status":"publish","type":"tribe_events","link":"https:\/\/comradespartenariat.com\/en\/evenement\/conference-le-droit-a-lalimentation-au-quebec-survol-et-perspectives-davenir\/","title":{"rendered":"Conf\u00e9rence &#8211; Le droit \u00e0 l\u2019alimentation au Qu\u00e9bec: Survol et perspectives d\u2019avenir"},"content":{"rendered":"<h2 style=\"font-family: var( --e-global-typography-secondary-font-family ), Sans-serif; font-size: var( --e-global-typography-secondary-font-size ); line-height: var( --e-global-typography-secondary-line-height ); font-weight: var( --e-global-typography-secondary-font-weight ); text-transform: none; margin-top: 1.06em; margin-bottom: 0.77em;\">Conf\u00e9rence-midi \u00abLe droit \u00e0 l\u2019alimentation au Qu\u00e9bec: Survol et perspectives d\u2019avenir\u00bb<\/h2>\n<section>\n<p class=\"p1\">COMRADES a le plaisir d&#8217;accueillir Jessica Dufresne pour une pr\u00e9sentation qui explorera la notion de droit \u00e0 l\u2019alimentation et l\u2019\u00e9tat de sa (non) garantie au Canada, et plus sp\u00e9cifiquement au Qu\u00e9bec. Il sera \u00e9galement question de la d\u00e9marche de reconnaissance de ce droit men\u00e9e par le Regroupement des cuisines collectives du Qu\u00e9bec, o\u00f9 la pr\u00e9sentatrice travaille<span data-olk-copy-source=\"MessageBody\"> comme charg\u00e9e de projet sur le droit \u00e0 l\u2019alimentation<\/span>, qui aspire \u00e0 ce qu\u2019une loi-cadre sur le droit \u00e0 l\u2019alimentation voit le jour pour garantir ce droit au b\u00e9n\u00e9fice de l\u2019ensemble de la population et du territoire qu\u00e9b\u00e9cois.<\/p>\n<p><strong>Jessica Dufresne<\/strong> est docteure en droit (Universit\u00e9 d\u2019Ottawa) et milite depuis plusieurs ann\u00e9es pour la reconnaissance du droit \u00e0 l\u2019alimentation au Qu\u00e9bec. \u00c0 la fois charg\u00e9e de cours, chercheure et travailleuse communautaire, elle s\u2019assure de mener ses r\u00e9flexions sous l\u2019angle de ses expertises crois\u00e9es: acad\u00e9mique et terrain. Ses recherches portent notamment sur la transition des syst\u00e8mes alimentaires et abordent la notion de droit \u00e0 l\u2019alimentation en tant que moyen phare pour y parvenir. Elle y explore plus concr\u00e8tement le r\u00f4le des gouvernements locaux, municipalit\u00e9s et MRC qui, \u00e0 titre de gouvernement de proximit\u00e9, jouissent de plusieurs atouts pour contribuer \u00e0 cette transition. Elle croit fermement au r\u00f4le du palier local pour assurer une gouvernance plus juste, inclusive et durable des enjeux actuels et dans leur importance dans la garantie des droits fondamentaux des populations.<\/p>\n<\/section>\n<div class=\"accordion ui-accordion ui-widget ui-helper-reset\" role=\"tablist\" data-once=\"acc\"><\/div>\n<p><span class=\"trx_addons_accent\"><strong>Plus d&#8217;information et lien d&#8217;inscription (gratuit) : <a href=\"https:\/\/www.fd.ulaval.ca\/evenements\/conference-midi-le-droit-a-lalimentation-au-quebec-survol-et-perspectives-davenir\" target=\"_blank\" rel=\"noopener\">cliquez-ici <\/a> <\/strong><\/span><\/p>\n<p><em><small>FORMATION CONTINUE Les membres du Barreau et de la Chambre des notaires pr\u00e9sents recevront une attestation de participation pour 1h30.<\/small><\/em><small><\/small><\/p>\n","protected":false},"excerpt":{"rendered":"<p>Conf\u00e9rence sur le droit \u00e0 l\u2019alimentation et l\u2019\u00e9tat de sa (non) garantie au Canada, et plus sp\u00e9cifiquement au Qu\u00e9bec&#8230;<\/p>\n","protected":false},"author":3,"featured_media":8128,"template":"","meta":{"_eb_attr":"","_tribe_events_status":"","_tribe_events_status_reason":"","footnotes":""},"tags":[],"tribe_events_cat":[],"class_list":["post-8131","tribe_events","type-tribe_events","status-publish","has-post-thumbnail","hentry"],"yoast_head":"<!-- This site is optimized with the Yoast SEO plugin v27.5 - https:\/\/yoast.com\/product\/yoast-seo-wordpress\/ -->\n<title>Conf\u00e9rence - Le droit \u00e0 l\u2019alimentation au Qu\u00e9bec: Survol et perspectives d\u2019avenir - Communaut&eacute; de recherche-action sur les droits &eacute;conomiques et sociaux<\/title>\n<meta name=\"description\" content=\"Conf\u00e9rence sur le droit \u00e0 l\u2019alimentation et l\u2019\u00e9tat de sa (non) garantie au Canada, et plus sp\u00e9cifiquement au Qu\u00e9bec...\" \/>\n<meta name=\"robots\" content=\"index, follow, max-snippet:-1, max-image-preview:large, max-video-preview:-1\" \/>\n<link rel=\"canonical\" href=\"https:\/\/comradespartenariat.com\/evenement\/conference-droit-a-l-alimentation-au-quebec\/\" \/>\n<meta property=\"og:locale\" content=\"en_US\" \/>\n<meta property=\"og:type\" content=\"article\" \/>\n<meta property=\"og:title\" content=\"Conf\u00e9rence - Le droit \u00e0 l\u2019alimentation au Qu\u00e9bec: Survol et perspectives d\u2019avenir - Communaut&eacute; de recherche-action sur les droits &eacute;conomiques et sociaux\" \/>\n<meta property=\"og:description\" content=\"Conf\u00e9rence sur le droit \u00e0 l\u2019alimentation et l\u2019\u00e9tat de sa (non) garantie au Canada, et plus sp\u00e9cifiquement au Qu\u00e9bec...\" \/>\n<meta property=\"og:url\" content=\"https:\/\/comradespartenariat.com\/evenement\/conference-droit-a-l-alimentation-au-quebec\/\" \/>\n<meta property=\"og:site_name\" content=\"Communaut&eacute; de recherche-action sur les droits &eacute;conomiques et sociaux\" \/>\n<meta property=\"article:publisher\" content=\"https:\/\/www.facebook.com\/COMRADESul\" \/>\n<meta property=\"article:modified_time\" content=\"2025-08-29T21:14:47+00:00\" \/>\n<meta property=\"og:image\" content=\"https:\/\/comradespartenariat.com\/wp-content\/uploads\/2025\/08\/Jessica-Dufresne-1024x576.png\" \/>\n\t<meta property=\"og:image:width\" content=\"1024\" \/>\n\t<meta property=\"og:image:height\" content=\"576\" \/>\n\t<meta property=\"og:image:type\" content=\"image\/png\" \/>\n<meta name=\"twitter:card\" content=\"summary_large_image\" \/>\n<meta name=\"twitter:label1\" content=\"Est. reading time\" \/>\n\t<meta name=\"twitter:data1\" content=\"1 minute\" \/>\n<script type=\"application\/ld+json\" class=\"yoast-schema-graph\">{\"@context\":\"https:\\\/\\\/schema.org\",\"@graph\":[{\"@type\":\"WebPage\",\"@id\":\"https:\\\/\\\/comradespartenariat.com\\\/evenement\\\/conference-droit-a-l-alimentation-au-quebec\\\/\",\"url\":\"https:\\\/\\\/comradespartenariat.com\\\/evenement\\\/conference-droit-a-l-alimentation-au-quebec\\\/\",\"name\":\"Conf\u00e9rence - Le droit \u00e0 l\u2019alimentation au Qu\u00e9bec: Survol et perspectives d\u2019avenir - Communaut&eacute; de recherche-action sur les droits &eacute;conomiques et sociaux\",\"isPartOf\":{\"@id\":\"https:\\\/\\\/comradespartenariat.com\\\/#website\"},\"primaryImageOfPage\":{\"@id\":\"https:\\\/\\\/comradespartenariat.com\\\/evenement\\\/conference-droit-a-l-alimentation-au-quebec\\\/#primaryimage\"},\"image\":{\"@id\":\"https:\\\/\\\/comradespartenariat.com\\\/evenement\\\/conference-droit-a-l-alimentation-au-quebec\\\/#primaryimage\"},\"thumbnailUrl\":\"https:\\\/\\\/comradespartenariat.com\\\/wp-content\\\/uploads\\\/2025\\\/08\\\/Jessica-Dufresne.png\",\"datePublished\":\"2025-08-27T16:36:46+00:00\",\"dateModified\":\"2025-08-29T21:14:47+00:00\",\"description\":\"Conf\u00e9rence sur le droit \u00e0 l\u2019alimentation et l\u2019\u00e9tat de sa (non) garantie au Canada, et plus sp\u00e9cifiquement au Qu\u00e9bec...\",\"breadcrumb\":{\"@id\":\"https:\\\/\\\/comradespartenariat.com\\\/evenement\\\/conference-droit-a-l-alimentation-au-quebec\\\/#breadcrumb\"},\"inLanguage\":\"en-US\",\"potentialAction\":[{\"@type\":\"ReadAction\",\"target\":[\"https:\\\/\\\/comradespartenariat.com\\\/evenement\\\/conference-droit-a-l-alimentation-au-quebec\\\/\"]}]},{\"@type\":\"ImageObject\",\"inLanguage\":\"en-US\",\"@id\":\"https:\\\/\\\/comradespartenariat.com\\\/evenement\\\/conference-droit-a-l-alimentation-au-quebec\\\/#primaryimage\",\"url\":\"https:\\\/\\\/comradespartenariat.com\\\/wp-content\\\/uploads\\\/2025\\\/08\\\/Jessica-Dufresne.png\",\"contentUrl\":\"https:\\\/\\\/comradespartenariat.com\\\/wp-content\\\/uploads\\\/2025\\\/08\\\/Jessica-Dufresne.png\",\"width\":1920,\"height\":1080,\"caption\":\"Jessica Dufresne\"},{\"@type\":\"BreadcrumbList\",\"@id\":\"https:\\\/\\\/comradespartenariat.com\\\/evenement\\\/conference-droit-a-l-alimentation-au-quebec\\\/#breadcrumb\",\"itemListElement\":[{\"@type\":\"ListItem\",\"position\":1,\"name\":\"Accueil\",\"item\":\"https:\\\/\\\/comradespartenariat.com\\\/en\\\/\"},{\"@type\":\"ListItem\",\"position\":2,\"name\":\"Events\",\"item\":\"https:\\\/\\\/comradespartenariat.com\\\/en\\\/event\\\/\"},{\"@type\":\"ListItem\",\"position\":3,\"name\":\"Conf\u00e9rence &#8211; Le droit \u00e0 l\u2019alimentation au Qu\u00e9bec: Survol et perspectives d\u2019avenir\"}]},{\"@type\":\"WebSite\",\"@id\":\"https:\\\/\\\/comradespartenariat.com\\\/#website\",\"url\":\"https:\\\/\\\/comradespartenariat.com\\\/\",\"name\":\"Communaut\u00e9 de recherche-action sur les droits \u00e9conomiques et sociaux\",\"description\":\"COMMUNAUT&Eacute; DE RECHERCHE-ACTION SUR LES DROITS &Eacute;CONOMIQUES ET SOCIAUX\",\"publisher\":{\"@id\":\"https:\\\/\\\/comradespartenariat.com\\\/#organization\"},\"potentialAction\":[{\"@type\":\"SearchAction\",\"target\":{\"@type\":\"EntryPoint\",\"urlTemplate\":\"https:\\\/\\\/comradespartenariat.com\\\/?s={search_term_string}\"},\"query-input\":{\"@type\":\"PropertyValueSpecification\",\"valueRequired\":true,\"valueName\":\"search_term_string\"}}],\"inLanguage\":\"en-US\"},{\"@type\":\"Organization\",\"@id\":\"https:\\\/\\\/comradespartenariat.com\\\/#organization\",\"name\":\"Communaut\u00e9 de recherche-action sur les droits \u00e9conomiques et sociaux\",\"url\":\"https:\\\/\\\/comradespartenariat.com\\\/\",\"logo\":{\"@type\":\"ImageObject\",\"inLanguage\":\"en-US\",\"@id\":\"https:\\\/\\\/comradespartenariat.com\\\/#\\\/schema\\\/logo\\\/image\\\/\",\"url\":\"https:\\\/\\\/comradespartenariat.com\\\/wp-content\\\/uploads\\\/2022\\\/09\\\/Medium-moyen.png\",\"contentUrl\":\"https:\\\/\\\/comradespartenariat.com\\\/wp-content\\\/uploads\\\/2022\\\/09\\\/Medium-moyen.png\",\"width\":860,\"height\":219,\"caption\":\"Communaut\u00e9 de recherche-action sur les droits \u00e9conomiques et sociaux\"},\"image\":{\"@id\":\"https:\\\/\\\/comradespartenariat.com\\\/#\\\/schema\\\/logo\\\/image\\\/\"},\"sameAs\":[\"https:\\\/\\\/www.facebook.com\\\/COMRADESul\"]}]}<\/script>\n<!-- \/ Yoast SEO plugin. -->","yoast_head_json":{"title":"Conf\u00e9rence - Le droit \u00e0 l\u2019alimentation au Qu\u00e9bec: Survol et perspectives d\u2019avenir - Communaut&eacute; de recherche-action sur les droits &eacute;conomiques et sociaux","description":"Conf\u00e9rence sur le droit \u00e0 l\u2019alimentation et l\u2019\u00e9tat de sa (non) garantie au Canada, et plus sp\u00e9cifiquement au Qu\u00e9bec...","robots":{"index":"index","follow":"follow","max-snippet":"max-snippet:-1","max-image-preview":"max-image-preview:large","max-video-preview":"max-video-preview:-1"},"canonical":"https:\/\/comradespartenariat.com\/evenement\/conference-droit-a-l-alimentation-au-quebec\/","og_locale":"en_US","og_type":"article","og_title":"Conf\u00e9rence - Le droit \u00e0 l\u2019alimentation au Qu\u00e9bec: Survol et perspectives d\u2019avenir - Communaut&eacute; de recherche-action sur les droits &eacute;conomiques et sociaux","og_description":"Conf\u00e9rence sur le droit \u00e0 l\u2019alimentation et l\u2019\u00e9tat de sa (non) garantie au Canada, et plus sp\u00e9cifiquement au Qu\u00e9bec...","og_url":"https:\/\/comradespartenariat.com\/evenement\/conference-droit-a-l-alimentation-au-quebec\/","og_site_name":"Communaut&eacute; de recherche-action sur les droits &eacute;conomiques et sociaux","article_publisher":"https:\/\/www.facebook.com\/COMRADESul","article_modified_time":"2025-08-29T21:14:47+00:00","og_image":[{"width":1024,"height":576,"url":"https:\/\/comradespartenariat.com\/wp-content\/uploads\/2025\/08\/Jessica-Dufresne-1024x576.png","type":"image\/png"}],"twitter_card":"summary_large_image","twitter_misc":{"Est. reading time":"1 minute"},"schema":{"@context":"https:\/\/schema.org","@graph":[{"@type":"WebPage","@id":"https:\/\/comradespartenariat.com\/evenement\/conference-droit-a-l-alimentation-au-quebec\/","url":"https:\/\/comradespartenariat.com\/evenement\/conference-droit-a-l-alimentation-au-quebec\/","name":"Conf\u00e9rence - Le droit \u00e0 l\u2019alimentation au Qu\u00e9bec: Survol et perspectives d\u2019avenir - Communaut&eacute; de recherche-action sur les droits &eacute;conomiques et sociaux","isPartOf":{"@id":"https:\/\/comradespartenariat.com\/#website"},"primaryImageOfPage":{"@id":"https:\/\/comradespartenariat.com\/evenement\/conference-droit-a-l-alimentation-au-quebec\/#primaryimage"},"image":{"@id":"https:\/\/comradespartenariat.com\/evenement\/conference-droit-a-l-alimentation-au-quebec\/#primaryimage"},"thumbnailUrl":"https:\/\/comradespartenariat.com\/wp-content\/uploads\/2025\/08\/Jessica-Dufresne.png","datePublished":"2025-08-27T16:36:46+00:00","dateModified":"2025-08-29T21:14:47+00:00","description":"Conf\u00e9rence sur le droit \u00e0 l\u2019alimentation et l\u2019\u00e9tat de sa (non) garantie au Canada, et plus sp\u00e9cifiquement au Qu\u00e9bec...","breadcrumb":{"@id":"https:\/\/comradespartenariat.com\/evenement\/conference-droit-a-l-alimentation-au-quebec\/#breadcrumb"},"inLanguage":"en-US","potentialAction":[{"@type":"ReadAction","target":["https:\/\/comradespartenariat.com\/evenement\/conference-droit-a-l-alimentation-au-quebec\/"]}]},{"@type":"ImageObject","inLanguage":"en-US","@id":"https:\/\/comradespartenariat.com\/evenement\/conference-droit-a-l-alimentation-au-quebec\/#primaryimage","url":"https:\/\/comradespartenariat.com\/wp-content\/uploads\/2025\/08\/Jessica-Dufresne.png","contentUrl":"https:\/\/comradespartenariat.com\/wp-content\/uploads\/2025\/08\/Jessica-Dufresne.png","width":1920,"height":1080,"caption":"Jessica Dufresne"},{"@type":"BreadcrumbList","@id":"https:\/\/comradespartenariat.com\/evenement\/conference-droit-a-l-alimentation-au-quebec\/#breadcrumb","itemListElement":[{"@type":"ListItem","position":1,"name":"Accueil","item":"https:\/\/comradespartenariat.com\/en\/"},{"@type":"ListItem","position":2,"name":"Events","item":"https:\/\/comradespartenariat.com\/en\/event\/"},{"@type":"ListItem","position":3,"name":"Conf\u00e9rence &#8211; Le droit \u00e0 l\u2019alimentation au Qu\u00e9bec: Survol et perspectives d\u2019avenir"}]},{"@type":"WebSite","@id":"https:\/\/comradespartenariat.com\/#website","url":"https:\/\/comradespartenariat.com\/","name":"Communaut\u00e9 de recherche-action sur les droits \u00e9conomiques et sociaux","description":"COMMUNAUT&Eacute; DE RECHERCHE-ACTION SUR LES DROITS &Eacute;CONOMIQUES ET SOCIAUX","publisher":{"@id":"https:\/\/comradespartenariat.com\/#organization"},"potentialAction":[{"@type":"SearchAction","target":{"@type":"EntryPoint","urlTemplate":"https:\/\/comradespartenariat.com\/?s={search_term_string}"},"query-input":{"@type":"PropertyValueSpecification","valueRequired":true,"valueName":"search_term_string"}}],"inLanguage":"en-US"},{"@type":"Organization","@id":"https:\/\/comradespartenariat.com\/#organization","name":"Communaut\u00e9 de recherche-action sur les droits \u00e9conomiques et sociaux","url":"https:\/\/comradespartenariat.com\/","logo":{"@type":"ImageObject","inLanguage":"en-US","@id":"https:\/\/comradespartenariat.com\/#\/schema\/logo\/image\/","url":"https:\/\/comradespartenariat.com\/wp-content\/uploads\/2022\/09\/Medium-moyen.png","contentUrl":"https:\/\/comradespartenariat.com\/wp-content\/uploads\/2022\/09\/Medium-moyen.png","width":860,"height":219,"caption":"Communaut\u00e9 de recherche-action sur les droits \u00e9conomiques et sociaux"},"image":{"@id":"https:\/\/comradespartenariat.com\/#\/schema\/logo\/image\/"},"sameAs":["https:\/\/www.facebook.com\/COMRADESul"]}]}},"_links":{"self":[{"href":"https:\/\/comradespartenariat.com\/en\/wp-json\/wp\/v2\/tribe_events\/8131","targetHints":{"allow":["GET"]}}],"collection":[{"href":"https:\/\/comradespartenariat.com\/en\/wp-json\/wp\/v2\/tribe_events"}],"about":[{"href":"https:\/\/comradespartenariat.com\/en\/wp-json\/wp\/v2\/types\/tribe_events"}],"author":[{"embeddable":true,"href":"https:\/\/comradespartenariat.com\/en\/wp-json\/wp\/v2\/users\/3"}],"version-history":[{"count":2,"href":"https:\/\/comradespartenariat.com\/en\/wp-json\/wp\/v2\/tribe_events\/8131\/revisions"}],"predecessor-version":[{"id":8150,"href":"https:\/\/comradespartenariat.com\/en\/wp-json\/wp\/v2\/tribe_events\/8131\/revisions\/8150"}],"wp:featuredmedia":[{"embeddable":true,"href":"https:\/\/comradespartenariat.com\/en\/wp-json\/wp\/v2\/media\/8128"}],"wp:attachment":[{"href":"https:\/\/comradespartenariat.com\/en\/wp-json\/wp\/v2\/media?parent=8131"}],"wp:term":[{"taxonomy":"post_tag","embeddable":true,"href":"https:\/\/comradespartenariat.com\/en\/wp-json\/wp\/v2\/tags?post=8131"},{"taxonomy":"tribe_events_cat","embeddable":true,"href":"https:\/\/comradespartenariat.com\/en\/wp-json\/wp\/v2\/tribe_events_cat?post=8131"}],"curies":[{"name":"wp","href":"https:\/\/api.w.org\/{rel}","templated":true}]}}