{"id":8164,"date":"2025-09-23T17:26:55","date_gmt":"2025-09-23T22:26:55","guid":{"rendered":"https:\/\/comradespartenariat.com\/evenement\/webinaire-privatisation-en-sante-il-est-temps-de-demeler-le-prive-du-public\/"},"modified":"2025-09-23T17:26:55","modified_gmt":"2025-09-23T22:26:55","slug":"webinaire-privatisation-en-sante-il-est-temps-de-demeler-le-prive-du-public","status":"publish","type":"tribe_events","link":"https:\/\/comradespartenariat.com\/en\/evenement\/webinaire-privatisation-en-sante-il-est-temps-de-demeler-le-prive-du-public\/","title":{"rendered":"Webinaire: Privatisation en sant\u00e9 : il est temps de d\u00e9m\u00ealer le priv\u00e9 du public!"},"content":{"rendered":"<h2 style=\"font-family: var( --e-global-typography-secondary-font-family ), Sans-serif; font-size: var( --e-global-typography-secondary-font-size ); line-height: var( --e-global-typography-secondary-line-height ); font-weight: var( --e-global-typography-secondary-font-weight ); text-transform: none; margin-top: 1.06em; margin-bottom: 0.77em;\">Webinaire &#8211; <span data-olk-copy-source=\"MessageBody\">Privatisation en sant\u00e9 : il est temps de d\u00e9m\u00ealer le priv\u00e9 du public! <\/span> <\/h2>\n<section>\n<p class=\"p1\">Quelle diff\u00e9rence cela fait-il de consulter une clinique priv\u00e9e ou publique lorsque votre carte RAMQ est accept\u00e9e dans l\u2019une ou l\u2019autre? On entend beaucoup parler de privatisation : comment se fait-il alors qu\u2019on arrive \u00e0 obtenir des rendez-vous gratuits via le guichet d\u2019acc\u00e8s RVSQ? Quelle transformation notre gouvernement actuel est-il en train d\u2019op\u00e9rer de notre r\u00e9seau public de sant\u00e9?  <\/p>\n<p class=\"p1\">\u00c0 titre de membre de la<b> Coalition Riposte au plan sant\u00e9<\/b>, la <b>Ligue des droits et libert\u00e9s<\/b> a l\u2019honneur de vous inviter \u00e0 un webinaire gratuit lors duquel Anne Plourde, chercheuse \u00e0 l\u2019Institut de recherche et d\u2019informations socio\u00e9conomiques (IRIS), d\u00e9construira la confusion entourant ce qui est public et ce qui est priv\u00e9, et expliquera pourquoi la promotion des cliniques priv\u00e9es par le gouvernement actuel et les gouvernements pr\u00e9c\u00e9dents finira par d\u00e9truire NOTRE syst\u00e8me public.<\/p>\n<p>Un syst\u00e8me qui devrait refl\u00e9ter nos id\u00e9aux : accessible (quand on en a besoin et sans frais suppl\u00e9mentaires), universel (toutes les personnes au Qu\u00e9bec sont couvertes), d\u00e9mocratique (les usagers sont les d\u00e9cideurs), anti-misogyne et antiraciste (reconnaissant la discrimination syst\u00e9mique dont font l\u2019objet les Autochtones, les personnes racis\u00e9es et les populations marginalis\u00e9es). Un d\u00e9fi de taille, mais que nous devons relever. Pour lutter contre la privatisation, faut d\u2019abord bien la comprendre!  <\/p>\n<p class=\"x_elementToProof\">Le webinaire permettra aussi de pr\u00e9senter la d\u00e9claration &#8220;Le priv\u00e9, tout sauf sant\u00e9!&#8221; pour un r\u00e9seau public fort, humain et accessible et se terminera par la projection d\u2019une vid\u00e9o satirique de Miriam Heap-Lalonde, intitul\u00e9e \u00ab Patiente orpheline \u00bb.<\/p>\n<p class=\"x_elementToProof\">\u00c9v\u00e9nement gratuit, inscription requise \u00e0 ce lien : <u><a id=\"OWAdf5032d6-ca84-f33e-ae81-5ca211348a9f\" class=\"x_OWAAutoLink\" title=\"https:\/\/portail.liguedesdroits.ca\/fr\/evenement\/register\/midi-conference-jeudi-9-octobre-2025-demeler-le-prive-du-public\/71533\" href=\"https:\/\/portail.liguedesdroits.ca\/fr\/evenement\/register\/midi-conference-jeudi-9-octobre-2025-demeler-le-prive-du-public\/71533\" target=\"_blank\" rel=\"noopener noreferrer\" data-linkindex=\"1\" data-auth=\"NotApplicable\">Midi-conf\u00e9rence | Jeudi, 9 octobre 2025 &#8211; D\u00e9m\u00ealer le priv\u00e9 du public<\/a><\/u><\/p>\n<p>L&#8217;\u00e9v\u00e9nement aura lieu en ligne sur la plate-forme zoom.<br class=\"html-br\">Le lien vous sera transmis une semaine avant l&#8217;\u00e9v\u00e9nement.<\/p>\n<p>Une traduction simultan\u00e9e en anglais sera offerte.<\/p>\n<\/section>\n","protected":false},"excerpt":{"rendered":"<p>Webinaire sur la privatisation en sant\u00e9 : d\u00e9m\u00ealer le priv\u00e9 du public&#8230;<\/p>\n","protected":false},"author":3,"featured_media":8162,"template":"","meta":{"_eb_attr":"","_tribe_events_status":"","_tribe_events_status_reason":"","footnotes":""},"tags":[],"tribe_events_cat":[],"class_list":["post-8164","tribe_events","type-tribe_events","status-publish","has-post-thumbnail","hentry"],"yoast_head":"<!-- This site is optimized with the Yoast SEO plugin v27.5 - https:\/\/yoast.com\/product\/yoast-seo-wordpress\/ -->\n<title>Webinaire: Privatisation en sant\u00e9 : il est temps de d\u00e9m\u00ealer le priv\u00e9 du public! - Communaut&eacute; de recherche-action sur les droits &eacute;conomiques et sociaux<\/title>\n<meta name=\"description\" content=\"Webinaire avec la Ligue des droits et libert\u00e9s sur la privatisation en sant\u00e9 : d\u00e9m\u00ealer le priv\u00e9 du public...\" \/>\n<meta name=\"robots\" content=\"index, follow, max-snippet:-1, max-image-preview:large, max-video-preview:-1\" \/>\n<link rel=\"canonical\" href=\"https:\/\/comradespartenariat.com\/evenement\/webinaire-privatisation-en-sante\/\" \/>\n<meta property=\"og:locale\" content=\"en_US\" \/>\n<meta property=\"og:type\" content=\"article\" \/>\n<meta property=\"og:title\" content=\"Webinaire: Privatisation en sant\u00e9 : il est temps de d\u00e9m\u00ealer le priv\u00e9 du public! - Communaut&eacute; de recherche-action sur les droits &eacute;conomiques et sociaux\" \/>\n<meta property=\"og:description\" content=\"Webinaire avec la Ligue des droits et libert\u00e9s sur la privatisation en sant\u00e9 : d\u00e9m\u00ealer le priv\u00e9 du public...\" \/>\n<meta property=\"og:url\" content=\"https:\/\/comradespartenariat.com\/evenement\/webinaire-privatisation-en-sante\/\" \/>\n<meta property=\"og:site_name\" content=\"Communaut&eacute; de recherche-action sur les droits &eacute;conomiques et sociaux\" \/>\n<meta property=\"article:publisher\" content=\"https:\/\/www.facebook.com\/COMRADESul\" \/>\n<meta property=\"og:image\" content=\"https:\/\/comradespartenariat.com\/wp-content\/uploads\/2025\/09\/webinaire-privatisation-sante.png\" \/>\n\t<meta property=\"og:image:width\" content=\"1294\" \/>\n\t<meta property=\"og:image:height\" content=\"684\" \/>\n\t<meta property=\"og:image:type\" content=\"image\/png\" \/>\n<meta name=\"twitter:card\" content=\"summary_large_image\" \/>\n<meta name=\"twitter:label1\" content=\"Est. reading time\" \/>\n\t<meta name=\"twitter:data1\" content=\"2 minutes\" \/>\n<script type=\"application\/ld+json\" class=\"yoast-schema-graph\">{\"@context\":\"https:\\\/\\\/schema.org\",\"@graph\":[{\"@type\":\"WebPage\",\"@id\":\"https:\\\/\\\/comradespartenariat.com\\\/evenement\\\/webinaire-privatisation-en-sante\\\/\",\"url\":\"https:\\\/\\\/comradespartenariat.com\\\/evenement\\\/webinaire-privatisation-en-sante\\\/\",\"name\":\"Webinaire: Privatisation en sant\u00e9 : il est temps de d\u00e9m\u00ealer le priv\u00e9 du public! - Communaut&eacute; de recherche-action sur les droits &eacute;conomiques et sociaux\",\"isPartOf\":{\"@id\":\"https:\\\/\\\/comradespartenariat.com\\\/#website\"},\"primaryImageOfPage\":{\"@id\":\"https:\\\/\\\/comradespartenariat.com\\\/evenement\\\/webinaire-privatisation-en-sante\\\/#primaryimage\"},\"image\":{\"@id\":\"https:\\\/\\\/comradespartenariat.com\\\/evenement\\\/webinaire-privatisation-en-sante\\\/#primaryimage\"},\"thumbnailUrl\":\"https:\\\/\\\/comradespartenariat.com\\\/wp-content\\\/uploads\\\/2025\\\/09\\\/webinaire-privatisation-sante.png\",\"datePublished\":\"2025-09-23T22:26:55+00:00\",\"description\":\"Webinaire avec la Ligue des droits et libert\u00e9s sur la privatisation en sant\u00e9 : d\u00e9m\u00ealer le priv\u00e9 du public...\",\"breadcrumb\":{\"@id\":\"https:\\\/\\\/comradespartenariat.com\\\/evenement\\\/webinaire-privatisation-en-sante\\\/#breadcrumb\"},\"inLanguage\":\"en-US\",\"potentialAction\":[{\"@type\":\"ReadAction\",\"target\":[\"https:\\\/\\\/comradespartenariat.com\\\/evenement\\\/webinaire-privatisation-en-sante\\\/\"]}]},{\"@type\":\"ImageObject\",\"inLanguage\":\"en-US\",\"@id\":\"https:\\\/\\\/comradespartenariat.com\\\/evenement\\\/webinaire-privatisation-en-sante\\\/#primaryimage\",\"url\":\"https:\\\/\\\/comradespartenariat.com\\\/wp-content\\\/uploads\\\/2025\\\/09\\\/webinaire-privatisation-sante.png\",\"contentUrl\":\"https:\\\/\\\/comradespartenariat.com\\\/wp-content\\\/uploads\\\/2025\\\/09\\\/webinaire-privatisation-sante.png\",\"width\":1294,\"height\":684,\"caption\":\"webinaire privatisation sante\u0301\"},{\"@type\":\"BreadcrumbList\",\"@id\":\"https:\\\/\\\/comradespartenariat.com\\\/evenement\\\/webinaire-privatisation-en-sante\\\/#breadcrumb\",\"itemListElement\":[{\"@type\":\"ListItem\",\"position\":1,\"name\":\"Accueil\",\"item\":\"https:\\\/\\\/comradespartenariat.com\\\/en\\\/\"},{\"@type\":\"ListItem\",\"position\":2,\"name\":\"Events\",\"item\":\"https:\\\/\\\/comradespartenariat.com\\\/en\\\/event\\\/\"},{\"@type\":\"ListItem\",\"position\":3,\"name\":\"Webinaire: Privatisation en sant\u00e9 : il est temps de d\u00e9m\u00ealer le priv\u00e9 du public!\"}]},{\"@type\":\"WebSite\",\"@id\":\"https:\\\/\\\/comradespartenariat.com\\\/#website\",\"url\":\"https:\\\/\\\/comradespartenariat.com\\\/\",\"name\":\"Communaut\u00e9 de recherche-action sur les droits \u00e9conomiques et sociaux\",\"description\":\"COMMUNAUT&Eacute; DE RECHERCHE-ACTION SUR LES DROITS &Eacute;CONOMIQUES ET SOCIAUX\",\"publisher\":{\"@id\":\"https:\\\/\\\/comradespartenariat.com\\\/#organization\"},\"potentialAction\":[{\"@type\":\"SearchAction\",\"target\":{\"@type\":\"EntryPoint\",\"urlTemplate\":\"https:\\\/\\\/comradespartenariat.com\\\/?s={search_term_string}\"},\"query-input\":{\"@type\":\"PropertyValueSpecification\",\"valueRequired\":true,\"valueName\":\"search_term_string\"}}],\"inLanguage\":\"en-US\"},{\"@type\":\"Organization\",\"@id\":\"https:\\\/\\\/comradespartenariat.com\\\/#organization\",\"name\":\"Communaut\u00e9 de recherche-action sur les droits \u00e9conomiques et sociaux\",\"url\":\"https:\\\/\\\/comradespartenariat.com\\\/\",\"logo\":{\"@type\":\"ImageObject\",\"inLanguage\":\"en-US\",\"@id\":\"https:\\\/\\\/comradespartenariat.com\\\/#\\\/schema\\\/logo\\\/image\\\/\",\"url\":\"https:\\\/\\\/comradespartenariat.com\\\/wp-content\\\/uploads\\\/2022\\\/09\\\/Medium-moyen.png\",\"contentUrl\":\"https:\\\/\\\/comradespartenariat.com\\\/wp-content\\\/uploads\\\/2022\\\/09\\\/Medium-moyen.png\",\"width\":860,\"height\":219,\"caption\":\"Communaut\u00e9 de recherche-action sur les droits \u00e9conomiques et sociaux\"},\"image\":{\"@id\":\"https:\\\/\\\/comradespartenariat.com\\\/#\\\/schema\\\/logo\\\/image\\\/\"},\"sameAs\":[\"https:\\\/\\\/www.facebook.com\\\/COMRADESul\"]}]}<\/script>\n<!-- \/ Yoast SEO plugin. -->","yoast_head_json":{"title":"Webinaire: Privatisation en sant\u00e9 : il est temps de d\u00e9m\u00ealer le priv\u00e9 du public! - Communaut&eacute; de recherche-action sur les droits &eacute;conomiques et sociaux","description":"Webinaire avec la Ligue des droits et libert\u00e9s sur la privatisation en sant\u00e9 : d\u00e9m\u00ealer le priv\u00e9 du public...","robots":{"index":"index","follow":"follow","max-snippet":"max-snippet:-1","max-image-preview":"max-image-preview:large","max-video-preview":"max-video-preview:-1"},"canonical":"https:\/\/comradespartenariat.com\/evenement\/webinaire-privatisation-en-sante\/","og_locale":"en_US","og_type":"article","og_title":"Webinaire: Privatisation en sant\u00e9 : il est temps de d\u00e9m\u00ealer le priv\u00e9 du public! - Communaut&eacute; de recherche-action sur les droits &eacute;conomiques et sociaux","og_description":"Webinaire avec la Ligue des droits et libert\u00e9s sur la privatisation en sant\u00e9 : d\u00e9m\u00ealer le priv\u00e9 du public...","og_url":"https:\/\/comradespartenariat.com\/evenement\/webinaire-privatisation-en-sante\/","og_site_name":"Communaut&eacute; de recherche-action sur les droits &eacute;conomiques et sociaux","article_publisher":"https:\/\/www.facebook.com\/COMRADESul","og_image":[{"width":1294,"height":684,"url":"https:\/\/comradespartenariat.com\/wp-content\/uploads\/2025\/09\/webinaire-privatisation-sante.png","type":"image\/png"}],"twitter_card":"summary_large_image","twitter_misc":{"Est. reading time":"2 minutes"},"schema":{"@context":"https:\/\/schema.org","@graph":[{"@type":"WebPage","@id":"https:\/\/comradespartenariat.com\/evenement\/webinaire-privatisation-en-sante\/","url":"https:\/\/comradespartenariat.com\/evenement\/webinaire-privatisation-en-sante\/","name":"Webinaire: Privatisation en sant\u00e9 : il est temps de d\u00e9m\u00ealer le priv\u00e9 du public! - Communaut&eacute; de recherche-action sur les droits &eacute;conomiques et sociaux","isPartOf":{"@id":"https:\/\/comradespartenariat.com\/#website"},"primaryImageOfPage":{"@id":"https:\/\/comradespartenariat.com\/evenement\/webinaire-privatisation-en-sante\/#primaryimage"},"image":{"@id":"https:\/\/comradespartenariat.com\/evenement\/webinaire-privatisation-en-sante\/#primaryimage"},"thumbnailUrl":"https:\/\/comradespartenariat.com\/wp-content\/uploads\/2025\/09\/webinaire-privatisation-sante.png","datePublished":"2025-09-23T22:26:55+00:00","description":"Webinaire avec la Ligue des droits et libert\u00e9s sur la privatisation en sant\u00e9 : d\u00e9m\u00ealer le priv\u00e9 du public...","breadcrumb":{"@id":"https:\/\/comradespartenariat.com\/evenement\/webinaire-privatisation-en-sante\/#breadcrumb"},"inLanguage":"en-US","potentialAction":[{"@type":"ReadAction","target":["https:\/\/comradespartenariat.com\/evenement\/webinaire-privatisation-en-sante\/"]}]},{"@type":"ImageObject","inLanguage":"en-US","@id":"https:\/\/comradespartenariat.com\/evenement\/webinaire-privatisation-en-sante\/#primaryimage","url":"https:\/\/comradespartenariat.com\/wp-content\/uploads\/2025\/09\/webinaire-privatisation-sante.png","contentUrl":"https:\/\/comradespartenariat.com\/wp-content\/uploads\/2025\/09\/webinaire-privatisation-sante.png","width":1294,"height":684,"caption":"webinaire privatisation sante\u0301"},{"@type":"BreadcrumbList","@id":"https:\/\/comradespartenariat.com\/evenement\/webinaire-privatisation-en-sante\/#breadcrumb","itemListElement":[{"@type":"ListItem","position":1,"name":"Accueil","item":"https:\/\/comradespartenariat.com\/en\/"},{"@type":"ListItem","position":2,"name":"Events","item":"https:\/\/comradespartenariat.com\/en\/event\/"},{"@type":"ListItem","position":3,"name":"Webinaire: Privatisation en sant\u00e9 : il est temps de d\u00e9m\u00ealer le priv\u00e9 du public!"}]},{"@type":"WebSite","@id":"https:\/\/comradespartenariat.com\/#website","url":"https:\/\/comradespartenariat.com\/","name":"Communaut\u00e9 de recherche-action sur les droits \u00e9conomiques et sociaux","description":"COMMUNAUT&Eacute; DE RECHERCHE-ACTION SUR LES DROITS &Eacute;CONOMIQUES ET SOCIAUX","publisher":{"@id":"https:\/\/comradespartenariat.com\/#organization"},"potentialAction":[{"@type":"SearchAction","target":{"@type":"EntryPoint","urlTemplate":"https:\/\/comradespartenariat.com\/?s={search_term_string}"},"query-input":{"@type":"PropertyValueSpecification","valueRequired":true,"valueName":"search_term_string"}}],"inLanguage":"en-US"},{"@type":"Organization","@id":"https:\/\/comradespartenariat.com\/#organization","name":"Communaut\u00e9 de recherche-action sur les droits \u00e9conomiques et sociaux","url":"https:\/\/comradespartenariat.com\/","logo":{"@type":"ImageObject","inLanguage":"en-US","@id":"https:\/\/comradespartenariat.com\/#\/schema\/logo\/image\/","url":"https:\/\/comradespartenariat.com\/wp-content\/uploads\/2022\/09\/Medium-moyen.png","contentUrl":"https:\/\/comradespartenariat.com\/wp-content\/uploads\/2022\/09\/Medium-moyen.png","width":860,"height":219,"caption":"Communaut\u00e9 de recherche-action sur les droits \u00e9conomiques et sociaux"},"image":{"@id":"https:\/\/comradespartenariat.com\/#\/schema\/logo\/image\/"},"sameAs":["https:\/\/www.facebook.com\/COMRADESul"]}]}},"_links":{"self":[{"href":"https:\/\/comradespartenariat.com\/en\/wp-json\/wp\/v2\/tribe_events\/8164","targetHints":{"allow":["GET"]}}],"collection":[{"href":"https:\/\/comradespartenariat.com\/en\/wp-json\/wp\/v2\/tribe_events"}],"about":[{"href":"https:\/\/comradespartenariat.com\/en\/wp-json\/wp\/v2\/types\/tribe_events"}],"author":[{"embeddable":true,"href":"https:\/\/comradespartenariat.com\/en\/wp-json\/wp\/v2\/users\/3"}],"version-history":[{"count":0,"href":"https:\/\/comradespartenariat.com\/en\/wp-json\/wp\/v2\/tribe_events\/8164\/revisions"}],"wp:featuredmedia":[{"embeddable":true,"href":"https:\/\/comradespartenariat.com\/en\/wp-json\/wp\/v2\/media\/8162"}],"wp:attachment":[{"href":"https:\/\/comradespartenariat.com\/en\/wp-json\/wp\/v2\/media?parent=8164"}],"wp:term":[{"taxonomy":"post_tag","embeddable":true,"href":"https:\/\/comradespartenariat.com\/en\/wp-json\/wp\/v2\/tags?post=8164"},{"taxonomy":"tribe_events_cat","embeddable":true,"href":"https:\/\/comradespartenariat.com\/en\/wp-json\/wp\/v2\/tribe_events_cat?post=8164"}],"curies":[{"name":"wp","href":"https:\/\/api.w.org\/{rel}","templated":true}]}}